{"id":2,"date":"2024-01-10T16:50:04","date_gmt":"2024-01-10T15:50:04","guid":{"rendered":"https:\/\/econostrum.info\/suisse\/?page_id=2"},"modified":"2026-02-26T13:53:36","modified_gmt":"2026-02-26T12:53:36","slug":"accueil","status":"publish","type":"page","link":"https:\/\/econostrum.info\/suisse\/","title":{"rendered":"Econostrum.info &#8211; Edition Suisse"},"content":{"rendered":"<div class=\"gb-container gb-container-be77b77f\">\n<div class=\"gb-container gb-container-1b15c8e2\">\n<div class=\"gb-container gb-container-bff77f4f home-section\">\n<div class=\"gb-container gb-container-db452e32\">\n<div class=\"gb-container gb-container-e1826485\">\n<div class=\"gb-container gb-container-6697b891\">\n<div class=\"gb-container gb-container-862d06ec\">\n\n<div class=\"gb-grid-wrapper gb-grid-wrapper-5c7d9b47 gb-query-loop-wrapper\">\n<div class=\"gb-grid-column gb-grid-column-682b2615 gb-query-loop-item post-114052 post type-post status-publish format-standard has-post-thumbnail hentry category-meteo\"><div class=\"gb-container gb-container-682b2615\">\n<div class=\"gb-container gb-container-477d0248 thumb-image\" style=\"background-image: url(https:\/\/econostrum.info\/suisse\/wp-content\/uploads\/sites\/8\/2026\/08\/chaleur-8.jpg);\">\n<div class=\"gb-container gb-container-36f814c8\">\n<div class=\"gb-container gb-container-bca92c97 category-link\">\n<a class=\"gb-button gb-button-0822bdaf gb-button-text post-term-item post-term-meteo category-link\" href=\"https:\/\/econostrum.info\/suisse\/meteo\/\">M\u00e9t\u00e9o<\/a>\n<\/div>\n\n<h2 class=\"gb-headline gb-headline-140f8c8f gb-headline-text loop-title\"><a href=\"https:\/\/econostrum.info\/suisse\/chaleur-saccroche-a-la-suisse-septembre\/\">La chaleur s\u2019accroche \u00e0 la Suisse m\u00eame en septembre et la suite pourrait r\u00e9server une sacr\u00e9e surprise\u00a0<\/a><\/h2>\n\n<div class=\"gb-container gb-container-5980d2bb\">\n<div style=\"font-size:15px;\" class=\"has-link-color wp-elements-49c68bd708b88bc11a71b5ed3ecfdf4d wp-block-post-excerpt has-text-color has-base-3-color\"><p class=\"wp-block-post-excerpt__excerpt\">L\u2019automne m\u00e9t\u00e9orologique d\u00e9barque, mais la chaleur refuse de quitter la Suisse. Septembre pourrait encore offrir des temp\u00e9ratures dignes du plein\u2026 <\/p><\/div>\n<\/div>\n\n<div class=\"gb-container gb-container-b0be8621\">\n<div style=\"font-size:13px;font-style:normal;font-weight:500;text-transform:none;\" class=\"has-link-color wp-elements-3c416bcb18dbd7d8108a87fe6dd1ecc1 wp-block-post-author-name has-text-color has-base-3-color\">Lisa M.<\/div>\n\n<p class=\"gb-headline gb-headline-b88f5755\"><span class=\"gb-icon\"><svg aria-hidden=\"true\" role=\"img\" height=\"1em\" width=\"1em\" viewbox=\"0 0 512 512\" xmlns=\"http:\/\/www.w3.org\/2000\/svg\"><path fill=\"currentColor\" d=\"M256 8C119 8 8 119 8 256s111 248 248 248 248-111 248-248S393 8 256 8zm0 448c-110.5 0-200-89.5-200-200S145.5 56 256 56s200 89.5 200 200-89.5 200-200 200zm61.8-104.4l-84.9-61.7c-3.1-2.3-4.9-5.9-4.9-9.7V116c0-6.6 5.4-12 12-12h32c6.6 0 12 5.4 12 12v141.7l66.8 48.6c5.4 3.9 6.5 11.4 2.6 16.8L334.6 349c-3.9 5.3-11.4 6.5-16.8 2.6z\"><\/path><\/svg><\/span><span class=\"gb-headline-text\"><time class=\"entry-date published\" datetime=\"2026-09-01T14:00:00+02:00\">1 septembre 2026<\/time><\/span><\/p>\n<\/div>\n<\/div>\n<\/div>\n<\/div><\/div>\n<\/div>\n\n<\/div>\n\n<div class=\"gb-container gb-container-77744ae4\">\n\n<div class=\"gb-grid-wrapper gb-grid-wrapper-3a0aaf5f gb-query-loop-wrapper\">\n<div class=\"gb-grid-column gb-grid-column-00e85748 gb-query-loop-item post-114052 post type-post status-publish format-standard has-post-thumbnail hentry category-meteo\"><div class=\"gb-container gb-container-00e85748\">\n<div class=\"gb-container gb-container-bac847a2\" style=\"background-image: url(https:\/\/econostrum.info\/suisse\/wp-content\/uploads\/sites\/8\/2026\/08\/chaleur-8.jpg);\">\n<div class=\"gb-container gb-container-798cbbc2\">\n<div class=\"gb-headline gb-headline-0b807baf gb-headline-text category-link\"><span class=\"post-term-item term-meteo\">M\u00e9t\u00e9o<\/span><\/div>\n\n<h2 style=\"font-size:1em;font-style:normal;font-weight:500;\" class=\"has-link-color loop-title wp-elements-839c3a00d7a69868e2975e13c49fa31b wp-block-post-title has-text-color has-base-3-color\"><a href=\"https:\/\/econostrum.info\/suisse\/chaleur-saccroche-a-la-suisse-septembre\/\" target=\"_self\" >La chaleur s\u2019accroche \u00e0 la Suisse m\u00eame en septembre et la suite pourrait r\u00e9server une sacr\u00e9e surprise\u00a0<\/a><\/h2>\n<\/div>\n<\/div>\n<\/div><\/div>\n\n<div class=\"gb-grid-column gb-grid-column-00e85748 gb-query-loop-item post-114047 post type-post status-publish format-standard has-post-thumbnail hentry category-emploi\"><div class=\"gb-container gb-container-00e85748\">\n<div class=\"gb-container gb-container-bac847a2\" style=\"background-image: url(https:\/\/econostrum.info\/suisse\/wp-content\/uploads\/sites\/8\/2026\/08\/declaration.jpg);\">\n<div class=\"gb-container gb-container-798cbbc2\">\n<div class=\"gb-headline gb-headline-0b807baf gb-headline-text category-link\"><span class=\"post-term-item term-emploi\">Emploi<\/span><\/div>\n\n<h2 style=\"font-size:1em;font-style:normal;font-weight:500;\" class=\"has-link-color loop-title wp-elements-839c3a00d7a69868e2975e13c49fa31b wp-block-post-title has-text-color has-base-3-color\"><a href=\"https:\/\/econostrum.info\/suisse\/femmes-gagnent-francs-hommes-suisse\/\" target=\"_self\" >Les femmes gagnent encore 640 francs de moins par mois que les hommes en Suisse\u00a0<\/a><\/h2>\n<\/div>\n<\/div>\n<\/div><\/div>\n<\/div>\n\n<\/div>\n<\/div>\n\n<div class=\"gb-container gb-container-d2aec395\">\n\n<div class=\"gb-headline gb-headline-2501d3e4 gb-headline-text\">Fil info<\/div>\n\n\n\n<div class=\"gb-grid-wrapper gb-grid-wrapper-86241f9d gb-query-loop-wrapper\">\n<div class=\"gb-grid-column gb-grid-column-da61fc73 gb-query-loop-item post-114052 post type-post status-publish format-standard has-post-thumbnail hentry category-meteo\"><div class=\"gb-container gb-container-da61fc73 standard-post\">\n<article class=\"gb-container gb-container-590c8f6d\">\n<div style=\"font-size:14px;font-style:normal;font-weight:700;\" class=\"has-link-color wp-elements-2431d7d7d99d871cc95809b5cdc51617 wp-block-post-date has-text-color has-yellow-dark-color\"><time>14:00<\/time><\/div>\n\n<div class=\"gb-container gb-container-4896b552 fil-info-title\">\n<div class=\"gb-headline gb-headline-4d52c580 gb-headline-text fil-info-category category-link\"><span class=\"post-term-item term-meteo\">M\u00e9t\u00e9o<\/span><\/div>\n\n<h3 class=\"gb-headline gb-headline-a9da1c49 secondary-font gb-headline-text\"><a href=\"https:\/\/econostrum.info\/suisse\/chaleur-saccroche-a-la-suisse-septembre\/\">La chaleur s\u2019accroche \u00e0 la Suisse m\u00eame en septembre et la suite pourrait r\u00e9server une sacr\u00e9e surprise\u00a0<\/a><\/h3>\n<\/div>\n<\/article>\n<\/div><\/div>\n\n<div class=\"gb-grid-column gb-grid-column-da61fc73 gb-query-loop-item post-114047 post type-post status-publish format-standard has-post-thumbnail hentry category-emploi\"><div class=\"gb-container gb-container-da61fc73 standard-post\">\n<article class=\"gb-container gb-container-590c8f6d\">\n<div style=\"font-size:14px;font-style:normal;font-weight:700;\" class=\"has-link-color wp-elements-2431d7d7d99d871cc95809b5cdc51617 wp-block-post-date has-text-color has-yellow-dark-color\"><time>10:50<\/time><\/div>\n\n<div class=\"gb-container gb-container-4896b552 fil-info-title\">\n<div class=\"gb-headline gb-headline-4d52c580 gb-headline-text fil-info-category category-link\"><span class=\"post-term-item term-emploi\">Emploi<\/span><\/div>\n\n<h3 class=\"gb-headline gb-headline-a9da1c49 secondary-font gb-headline-text\"><a href=\"https:\/\/econostrum.info\/suisse\/femmes-gagnent-francs-hommes-suisse\/\">Les femmes gagnent encore 640 francs de moins par mois que les hommes en Suisse\u00a0<\/a><\/h3>\n<\/div>\n<\/article>\n<\/div><\/div>\n\n<div class=\"gb-grid-column gb-grid-column-da61fc73 gb-query-loop-item post-114044 post type-post status-publish format-standard has-post-thumbnail hentry category-banque\"><div class=\"gb-container gb-container-da61fc73 standard-post\">\n<article class=\"gb-container gb-container-590c8f6d\">\n<div style=\"font-size:14px;font-style:normal;font-weight:700;\" class=\"has-link-color wp-elements-2431d7d7d99d871cc95809b5cdc51617 wp-block-post-date has-text-color has-yellow-dark-color\"><time>07:36<\/time><\/div>\n\n<div class=\"gb-container gb-container-4896b552 fil-info-title\">\n<div class=\"gb-headline gb-headline-4d52c580 gb-headline-text fil-info-category category-link\"><span class=\"post-term-item term-banque\">Banque<\/span><\/div>\n\n<h3 class=\"gb-headline gb-headline-a9da1c49 secondary-font gb-headline-text\"><a href=\"https:\/\/econostrum.info\/suisse\/ubs-naura-pas-droit-suisses-regles\/\">UBS n\u2019aura pas droit \u00e0 un passe-droit : les \u00e9lus suisses renforcent les r\u00e8gles\u00a0<\/a><\/h3>\n<\/div>\n<\/article>\n<\/div><\/div>\n\n<div class=\"gb-grid-column gb-grid-column-da61fc73 gb-query-loop-item post-114040 post type-post status-publish format-standard has-post-thumbnail hentry category-conso\"><div class=\"gb-container gb-container-da61fc73 standard-post\">\n<article class=\"gb-container gb-container-590c8f6d\">\n<div style=\"font-size:14px;font-style:normal;font-weight:700;\" class=\"has-link-color wp-elements-2431d7d7d99d871cc95809b5cdc51617 wp-block-post-date has-text-color has-yellow-dark-color\"><time>Hier<\/time><\/div>\n\n<div class=\"gb-container gb-container-4896b552 fil-info-title\">\n<div class=\"gb-headline gb-headline-4d52c580 gb-headline-text fil-info-category category-link\"><span class=\"post-term-item term-conso\">Conso<\/span><\/div>\n\n<h3 class=\"gb-headline gb-headline-a9da1c49 secondary-font gb-headline-text\"><a href=\"https:\/\/econostrum.info\/suisse\/esti-appareils-electriques-prix-suisse\/\">L\u2019ESTI met en garde contre ces appareils \u00e9lectriques vendus \u00e0 prix cass\u00e9s en Suisse<\/a><\/h3>\n<\/div>\n<\/article>\n<\/div><\/div>\n\n<div class=\"gb-grid-column gb-grid-column-da61fc73 gb-query-loop-item post-114036 post type-post status-publish format-standard has-post-thumbnail hentry category-conso\"><div class=\"gb-container gb-container-da61fc73 standard-post\">\n<article class=\"gb-container gb-container-590c8f6d\">\n<div style=\"font-size:14px;font-style:normal;font-weight:700;\" class=\"has-link-color wp-elements-2431d7d7d99d871cc95809b5cdc51617 wp-block-post-date has-text-color has-yellow-dark-color\"><time>Hier<\/time><\/div>\n\n<div class=\"gb-container gb-container-4896b552 fil-info-title\">\n<div class=\"gb-headline gb-headline-4d52c580 gb-headline-text fil-info-category category-link\"><span class=\"post-term-item term-conso\">Conso<\/span><\/div>\n\n<h3 class=\"gb-headline gb-headline-a9da1c49 secondary-font gb-headline-text\"><a href=\"https:\/\/econostrum.info\/suisse\/monsieur-prix-payer-plus-cher-les-suisses\/\">Monsieur Prix tire la sonnette d\u2019alarme\u00a0 : ce tour de passe-passe fait payer plus cher les Suisses sans vraiment en avoir l\u2019air\u00a0<\/a><\/h3>\n<\/div>\n<\/article>\n<\/div><\/div>\n<\/div>\n\n<\/div>\n<\/div>\n<\/div>\n\n<div class=\"gb-container gb-container-22eb4c77\">\n<div class=\"gb-container gb-container-e0da5808\">\n<div class=\"gb-container gb-container-710903f3\">\n\n<div class=\"gb-grid-wrapper gb-grid-wrapper-80637c19 gb-query-loop-wrapper\">\n<div class=\"gb-grid-column gb-grid-column-d6cec3aa gb-query-loop-item post-114052 post type-post status-publish format-standard has-post-thumbnail hentry category-meteo\"><div class=\"gb-container gb-container-d6cec3aa\">\n<div class=\"gb-container gb-container-9ebf2000\">\n<figure class=\"gb-block-image gb-block-image-9d89d2d8\"><img decoding=\"async\" width=\"1980\" height=\"1200\" src=\"https:\/\/econostrum.info\/suisse\/wp-content\/uploads\/sites\/8\/2026\/08\/chaleur-8.jpg\" class=\"gb-image-9d89d2d8  loop-image-dossier\" alt=\"chaleur\" srcset=\"https:\/\/econostrum.info\/suisse\/wp-content\/uploads\/sites\/8\/2026\/08\/chaleur-8.jpg 1980w, https:\/\/econostrum.info\/suisse\/wp-content\/uploads\/sites\/8\/2026\/08\/chaleur-8-380x230.jpg 380w, https:\/\/econostrum.info\/suisse\/wp-content\/uploads\/sites\/8\/2026\/08\/chaleur-8-1200x727.jpg 1200w, https:\/\/econostrum.info\/suisse\/wp-content\/uploads\/sites\/8\/2026\/08\/chaleur-8-520x315.jpg 520w, https:\/\/econostrum.info\/suisse\/wp-content\/uploads\/sites\/8\/2026\/08\/chaleur-8-1536x931.jpg 1536w\" sizes=\"(max-width: 1980px) 100vw, 1980px\" title=\"\"><\/figure>\n\n<div class=\"gb-container gb-container-1efcb73b\">\n<div class=\"gb-headline gb-headline-972e6c11 gb-headline-text category-link\"><span class=\"post-term-item term-meteo\"><a href=\"https:\/\/econostrum.info\/suisse\/meteo\/\">M\u00e9t\u00e9o<\/a><\/span><\/div>\n\n<div class=\"gb-container gb-container-0ff8dfea\">\n<div style=\"font-size:13px;font-style:normal;font-weight:400;\" class=\"has-link-color wp-elements-e98a3293ae0c817a9b1dfa75f887cfeb wp-block-post-author-name has-text-color has-contrast-3-color\"><a href=\"https:\/\/econostrum.info\/suisse\/author\/lisam\/\" target=\"_self\" class=\"wp-block-post-author-name__link\">Lisa M.<\/a><\/div>\n<\/div>\n\n<h2 class=\"gb-headline gb-headline-b85f79ad gb-headline-text loop-title\"><a href=\"https:\/\/econostrum.info\/suisse\/chaleur-saccroche-a-la-suisse-septembre\/\">La chaleur s\u2019accroche \u00e0 la Suisse m\u00eame en septembre et la suite pourrait r\u00e9server une sacr\u00e9e surprise\u00a0<\/a><\/h2>\n\n<p class=\"gb-headline gb-headline-a0942426\"><span class=\"gb-icon\"><svg aria-hidden=\"true\" role=\"img\" height=\"1em\" width=\"1em\" viewbox=\"0 0 512 512\" xmlns=\"http:\/\/www.w3.org\/2000\/svg\"><path fill=\"currentColor\" d=\"M256 8C119 8 8 119 8 256s111 248 248 248 248-111 248-248S393 8 256 8zm0 448c-110.5 0-200-89.5-200-200S145.5 56 256 56s200 89.5 200 200-89.5 200-200 200zm61.8-104.4l-84.9-61.7c-3.1-2.3-4.9-5.9-4.9-9.7V116c0-6.6 5.4-12 12-12h32c6.6 0 12 5.4 12 12v141.7l66.8 48.6c5.4 3.9 6.5 11.4 2.6 16.8L334.6 349c-3.9 5.3-11.4 6.5-16.8 2.6z\"><\/path><\/svg><\/span><span class=\"gb-headline-text\"><time class=\"entry-date published\" datetime=\"2026-09-01T14:00:00+02:00\">1 septembre 2026<\/time><\/span><\/p>\n<\/div>\n<\/div>\n<\/div><\/div>\n<\/div>\n\n<\/div>\n\n<div class=\"gb-container gb-container-da6d7f9c\">\n\n<div class=\"gb-grid-wrapper gb-grid-wrapper-511f8ff2 gb-query-loop-wrapper\">\n<div class=\"gb-grid-column gb-grid-column-da0e4f44 gb-query-loop-item post-114052 post type-post status-publish format-standard has-post-thumbnail hentry category-meteo\"><div class=\"gb-container gb-container-da0e4f44\">\n<div class=\"gb-container gb-container-cd652c7c thumb-media\">\n<div class=\"gb-container gb-container-f1356e14\">\n<figure class=\"gb-block-image gb-block-image-1f5426d9\"><img decoding=\"async\" width=\"380\" height=\"230\" src=\"https:\/\/econostrum.info\/suisse\/wp-content\/uploads\/sites\/8\/2026\/08\/chaleur-8-380x230.jpg\" class=\"gb-image-1f5426d9  loop-image loop-media-image\" alt=\"chaleur\" srcset=\"https:\/\/econostrum.info\/suisse\/wp-content\/uploads\/sites\/8\/2026\/08\/chaleur-8-380x230.jpg 380w, https:\/\/econostrum.info\/suisse\/wp-content\/uploads\/sites\/8\/2026\/08\/chaleur-8-1200x727.jpg 1200w, https:\/\/econostrum.info\/suisse\/wp-content\/uploads\/sites\/8\/2026\/08\/chaleur-8-520x315.jpg 520w, https:\/\/econostrum.info\/suisse\/wp-content\/uploads\/sites\/8\/2026\/08\/chaleur-8-1536x931.jpg 1536w, https:\/\/econostrum.info\/suisse\/wp-content\/uploads\/sites\/8\/2026\/08\/chaleur-8.jpg 1980w\" sizes=\"(max-width: 380px) 100vw, 380px\" title=\"\"><\/figure>\n<\/div>\n\n<div class=\"gb-container gb-container-909f7ca4 fil-info-title\">\n<div class=\"gb-headline gb-headline-44c1aa46 gb-headline-text category-link fil-info-category\"><span class=\"post-term-item term-meteo\"><a href=\"https:\/\/econostrum.info\/suisse\/meteo\/\">M\u00e9t\u00e9o<\/a><\/span><\/div>\n\n<h3 class=\"gb-headline gb-headline-a9b5e4b9 gb-headline-text loop-title loop-title-media\"><a href=\"https:\/\/econostrum.info\/suisse\/chaleur-saccroche-a-la-suisse-septembre\/\">La chaleur s\u2019accroche \u00e0 la Suisse m\u00eame en septembre et la suite pourrait r\u00e9server une sacr\u00e9e surprise\u00a0<\/a><\/h3>\n<\/div>\n<\/div>\n<\/div><\/div>\n<\/div>\n\n<\/div>\n\n<div class=\"gb-container gb-container-5116d04a\">\n<div class=\"gb-container gb-container-aa64bbd7\"><a class=\"gb-container-link\" href=\"https:\/\/econostrum.info\/suisse\/newsletter\/\" rel=\"noopener noreferrer\" target=\"_blank\"><\/a>\n\n<div class=\"gb-headline gb-headline-598b3bb9 gb-headline-text\">Souscrire \u00e0 la newsletter \u00ab&nbsp;Econostrum&nbsp;\u00bb<\/div>\n\n\n<div class=\"gb-container gb-container-6788cf79\">\n\n<figure class=\"gb-block-image gb-block-image-43a8552d\"><img decoding=\"async\" class=\"gb-image gb-image-43a8552d\" src=\"https:\/\/econostrum.info\/wp-content\/uploads\/2024\/12\/newsletter-bg-scaled-1.jpg\" alt=\"\" title=\"newsletter-bg--scaled\"><\/figure>\n\n<\/div>\n<\/div>\n<\/div>\n<\/div>\n<\/div>\n<\/div>\n\n<div class=\"gb-container gb-container-17231906\">\n<div class=\"gb-container gb-container-9bf2f0f8\">\n\n<div class=\"gb-headline gb-headline-86d6566a gb-headline-text\"><strong>Rejoignez nos r\u00e9seaux sociaux<\/strong><\/div>\n\n<\/div>\n\n<div class=\"gb-container gb-container-2f831240\">\n\n<div class=\"gb-headline gb-headline-4423aaa2 gb-headline-text\"><strong><strong>Pour plus de contenu exclusif !<\/strong><\/strong><\/div>\n\n<\/div>\n\n<div class=\"gb-container gb-container-5a54700b\">\n<style>body .ns-block-246f1d47-8878-4f11-8c84-b5eca42df220{--ns-btn-size:32px}body .ns-block-246f1d47-8878-4f11-8c84-b5eca42df220 .ns-button{--ns-btn-color:var(--base-3)}body .ns-block-246f1d47-8878-4f11-8c84-b5eca42df220 .ns-button{--ns-icon-color:var(--primary-color)}body .ns-block-246f1d47-8878-4f11-8c84-b5eca42df220 .ns-button:hover{--ns-icon-color:var(--secondary-color)}<\/style>\n<div class=\"ns-buttons ns-block-246f1d47-8878-4f11-8c84-b5eca42df220\"><div class=\"wp-block-novashare-follow ns-buttons-wrapper ns-align-right\"><a href=\"https:\/\/www.youtube.com\/@YtbEconostrum\" aria-label=\"Follow on YouTube\" target=\"_blank\" class=\"ns-button ns-follow-button youtube\" rel=\"nofollow noopener\"><span class='ns-button-wrapper ns-button-block'><span class='ns-button-icon ns-button-block'><svg xmlns=\"http:\/\/www.w3.org\/2000\/svg\" viewBox=\"0 0 576 512\"><path fill=\"currentColor\" d=\"M549.655 124.083c-6.281-23.65-24.787-42.276-48.284-48.597C458.781 64 288 64 288 64S117.22 64 74.629 75.486c-23.497 6.322-42.003 24.947-48.284 48.597-11.412 42.867-11.412 132.305-11.412 132.305s0 89.438 11.412 132.305c6.281 23.65 24.787 41.5 48.284 47.821C117.22 448 288 448 288 448s170.78 0 213.371-11.486c23.497-6.321 42.003-24.171 48.284-47.821 11.412-42.867 11.412-132.305 11.412-132.305s0-89.438-11.412-132.305m-317.51 213.508V175.185l142.739 81.205z\"\/><\/svg><\/span><span class='ns-button-label ns-button-block ns-hide'><span class='ns-button-label-wrapper'>YouTube<\/span><\/span><\/span><\/a>\n\n<a href=\"https:\/\/en.econostrum.info\/feed\/\" aria-label=\"Follow on RSS\" target=\"_blank\" class=\"ns-button ns-follow-button rss\" rel=\"nofollow\"><span class='ns-button-wrapper ns-button-block'><span class='ns-button-icon ns-button-block'><svg xmlns=\"http:\/\/www.w3.org\/2000\/svg\" viewBox=\"0 0 448 512\"><path fill=\"currentColor\" d=\"M128.081 415.959c0 35.369-28.672 64.041-64.041 64.041S0 451.328 0 415.959s28.672-64.041 64.041-64.041 64.04 28.673 64.04 64.041m175.66 47.25c-8.354-154.6-132.185-278.587-286.95-286.95C7.656 175.765 0 183.105 0 192.253v48.069c0 8.415 6.49 15.472 14.887 16.018 111.832 7.284 201.473 96.702 208.772 208.772.547 8.397 7.604 14.887 16.018 14.887h48.069c9.149.001 16.489-7.655 15.995-16.79m144.249.288C439.596 229.677 251.465 40.445 16.503 32.01 7.473 31.686 0 38.981 0 48.016v48.068c0 8.625 6.835 15.645 15.453 15.999 191.179 7.839 344.627 161.316 352.465 352.465.353 8.618 7.373 15.453 15.999 15.453h48.068c9.034-.001 16.329-7.474 16.005-16.504\"\/><\/svg><\/span><span class='ns-button-label ns-button-block ns-hide'><span class='ns-button-label-wrapper'>RSS<\/span><\/span><\/span><\/a><\/div><\/div>\n\n<\/div>\n<\/div>\n\n<div class=\"gb-container gb-container-3536cd7c\">\n\n<h2 class=\"gb-headline gb-headline-ed3e091e gb-headline-text category-title\">Economie<\/h2>\n\n\n<div class=\"gb-container gb-container-b379b488\">\n<div class=\"gb-container gb-container-1755b061\">\n\n<div class=\"gb-grid-wrapper gb-grid-wrapper-1b17047b gb-query-loop-wrapper\">\n<div class=\"gb-grid-column gb-grid-column-0cb25f78 gb-query-loop-item post-114024 post type-post status-publish format-standard has-post-thumbnail hentry category-economie category-meteo\"><div class=\"gb-container gb-container-0cb25f78\">\n<div class=\"gb-container gb-container-e0588e52 thumb-image\" style=\"background-image: url(https:\/\/econostrum.info\/suisse\/wp-content\/uploads\/sites\/8\/2026\/08\/grele.jpg);\">\n<div class=\"gb-container gb-container-d3b4a252\">\n<div class=\"gb-container gb-container-9dce5b7f category-link\">\n<a class=\"gb-button gb-button-fb055ee0 gb-button-text post-term-item post-term-economie category-link\" href=\"https:\/\/econostrum.info\/suisse\/economie\/\">\u00c9conomie<\/a><a class=\"gb-button gb-button-fb055ee0 gb-button-text post-term-item post-term-meteo category-link\" href=\"https:\/\/econostrum.info\/suisse\/meteo\/\">M\u00e9t\u00e9o<\/a>\n<\/div>\n\n<h2 class=\"gb-headline gb-headline-b8b4b5d5 gb-headline-text loop-title\"><a href=\"https:\/\/econostrum.info\/suisse\/voitures-de-luxe-grele-suisse\/\">Ces voitures de luxe sont vendues une bouch\u00e9e de pain apr\u00e8s la gr\u00eale qui a frapp\u00e9 la Suisse\u00a0<\/a><\/h2>\n\n<div class=\"gb-container gb-container-efe18304\"><\/div>\n\n<div class=\"gb-container gb-container-7df25e3e\">\n<div style=\"font-size:13px;font-style:normal;font-weight:500;text-transform:none;\" class=\"has-link-color wp-elements-3c416bcb18dbd7d8108a87fe6dd1ecc1 wp-block-post-author-name has-text-color has-base-3-color\">Lisa M.<\/div>\n\n<p class=\"gb-headline gb-headline-7968db8a\"><span class=\"gb-icon\"><svg aria-hidden=\"true\" role=\"img\" height=\"1em\" width=\"1em\" viewbox=\"0 0 512 512\" xmlns=\"http:\/\/www.w3.org\/2000\/svg\"><path fill=\"currentColor\" d=\"M256 8C119 8 8 119 8 256s111 248 248 248 248-111 248-248S393 8 256 8zm0 448c-110.5 0-200-89.5-200-200S145.5 56 256 56s200 89.5 200 200-89.5 200-200 200zm61.8-104.4l-84.9-61.7c-3.1-2.3-4.9-5.9-4.9-9.7V116c0-6.6 5.4-12 12-12h32c6.6 0 12 5.4 12 12v141.7l66.8 48.6c5.4 3.9 6.5 11.4 2.6 16.8L334.6 349c-3.9 5.3-11.4 6.5-16.8 2.6z\"><\/path><\/svg><\/span><span class=\"gb-headline-text\"><time class=\"entry-date published\" datetime=\"2026-08-30T14:21:00+02:00\">30 ao\u00fbt 2026<\/time><\/span><\/p>\n<\/div>\n<\/div>\n<\/div>\n<\/div><\/div>\n<\/div>\n\n<\/div>\n\n<div class=\"gb-container gb-container-fb74bf4b\">\n\n<div class=\"gb-grid-wrapper gb-grid-wrapper-c564815d gb-query-loop-wrapper\">\n<div class=\"gb-grid-column gb-grid-column-9cd1de3a gb-query-loop-item post-114024 post type-post status-publish format-standard has-post-thumbnail hentry category-economie category-meteo\"><div class=\"gb-container gb-container-9cd1de3a\">\n<div class=\"gb-container gb-container-cd652c7c thumb-media\">\n<div class=\"gb-container gb-container-f1356e14\">\n<figure class=\"gb-block-image gb-block-image-1f5426d9\"><img decoding=\"async\" width=\"380\" height=\"230\" src=\"https:\/\/econostrum.info\/suisse\/wp-content\/uploads\/sites\/8\/2026\/08\/grele-380x230.jpg\" class=\"gb-image-1f5426d9  loop-image loop-media-image\" alt=\"grele\" srcset=\"https:\/\/econostrum.info\/suisse\/wp-content\/uploads\/sites\/8\/2026\/08\/grele-380x230.jpg 380w, https:\/\/econostrum.info\/suisse\/wp-content\/uploads\/sites\/8\/2026\/08\/grele-1200x727.jpg 1200w, https:\/\/econostrum.info\/suisse\/wp-content\/uploads\/sites\/8\/2026\/08\/grele-520x315.jpg 520w, https:\/\/econostrum.info\/suisse\/wp-content\/uploads\/sites\/8\/2026\/08\/grele-1536x931.jpg 1536w, https:\/\/econostrum.info\/suisse\/wp-content\/uploads\/sites\/8\/2026\/08\/grele.jpg 1980w\" sizes=\"(max-width: 380px) 100vw, 380px\" title=\"\"><\/figure>\n<\/div>\n\n<div class=\"gb-container gb-container-909f7ca4 fil-info-title\">\n<div class=\"gb-headline gb-headline-44c1aa46 gb-headline-text category-link fil-info-category\"><span class=\"post-term-item term-economie\"><a href=\"https:\/\/econostrum.info\/suisse\/economie\/\">\u00c9conomie<\/a><\/span><span class=\"post-term-item term-meteo\"><a href=\"https:\/\/econostrum.info\/suisse\/meteo\/\">M\u00e9t\u00e9o<\/a><\/span><\/div>\n\n<h3 class=\"gb-headline gb-headline-a9b5e4b9 gb-headline-text loop-title loop-title-media\"><a href=\"https:\/\/econostrum.info\/suisse\/voitures-de-luxe-grele-suisse\/\">Ces voitures de luxe sont vendues une bouch\u00e9e de pain apr\u00e8s la gr\u00eale qui a frapp\u00e9 la Suisse\u00a0<\/a><\/h3>\n<\/div>\n<\/div>\n<\/div><\/div>\n\n<div class=\"gb-grid-column gb-grid-column-9cd1de3a gb-query-loop-item post-114005 post type-post status-publish format-standard has-post-thumbnail hentry category-economie\"><div class=\"gb-container gb-container-9cd1de3a\">\n<div class=\"gb-container gb-container-cd652c7c thumb-media\">\n<div class=\"gb-container gb-container-f1356e14\">\n<figure class=\"gb-block-image gb-block-image-1f5426d9\"><img decoding=\"async\" width=\"380\" height=\"230\" src=\"https:\/\/econostrum.info\/suisse\/wp-content\/uploads\/sites\/8\/2026\/08\/ubs-8-380x230.jpg\" class=\"gb-image-1f5426d9  loop-image loop-media-image\" alt=\"ubs\" srcset=\"https:\/\/econostrum.info\/suisse\/wp-content\/uploads\/sites\/8\/2026\/08\/ubs-8-380x230.jpg 380w, https:\/\/econostrum.info\/suisse\/wp-content\/uploads\/sites\/8\/2026\/08\/ubs-8-1200x727.jpg 1200w, https:\/\/econostrum.info\/suisse\/wp-content\/uploads\/sites\/8\/2026\/08\/ubs-8-520x315.jpg 520w, https:\/\/econostrum.info\/suisse\/wp-content\/uploads\/sites\/8\/2026\/08\/ubs-8-1536x931.jpg 1536w, https:\/\/econostrum.info\/suisse\/wp-content\/uploads\/sites\/8\/2026\/08\/ubs-8.jpg 1980w\" sizes=\"(max-width: 380px) 100vw, 380px\" title=\"\"><\/figure>\n<\/div>\n\n<div class=\"gb-container gb-container-909f7ca4 fil-info-title\">\n<div class=\"gb-headline gb-headline-44c1aa46 gb-headline-text category-link fil-info-category\"><span class=\"post-term-item term-economie\"><a href=\"https:\/\/econostrum.info\/suisse\/economie\/\">\u00c9conomie<\/a><\/span><\/div>\n\n<h3 class=\"gb-headline gb-headline-a9b5e4b9 gb-headline-text loop-title loop-title-media\"><a href=\"https:\/\/econostrum.info\/suisse\/mieux-san-cher-ubs-communes-suisses\/\">Vivre mieux sans payer trop cher : UBS d\u00e9voile les communes suisses qui sortent du lot\u00a0<\/a><\/h3>\n<\/div>\n<\/div>\n<\/div><\/div>\n\n<div class=\"gb-grid-column gb-grid-column-9cd1de3a gb-query-loop-item post-113997 post type-post status-publish format-standard has-post-thumbnail hentry category-economie\"><div class=\"gb-container gb-container-9cd1de3a\">\n<div class=\"gb-container gb-container-cd652c7c thumb-media\">\n<div class=\"gb-container gb-container-f1356e14\">\n<figure class=\"gb-block-image gb-block-image-1f5426d9\"><img decoding=\"async\" width=\"380\" height=\"230\" src=\"https:\/\/econostrum.info\/suisse\/wp-content\/uploads\/sites\/8\/2026\/08\/pharma-2-380x230.jpg\" class=\"gb-image-1f5426d9  loop-image loop-media-image\" alt=\"pharma\" srcset=\"https:\/\/econostrum.info\/suisse\/wp-content\/uploads\/sites\/8\/2026\/08\/pharma-2-380x230.jpg 380w, https:\/\/econostrum.info\/suisse\/wp-content\/uploads\/sites\/8\/2026\/08\/pharma-2-1200x727.jpg 1200w, https:\/\/econostrum.info\/suisse\/wp-content\/uploads\/sites\/8\/2026\/08\/pharma-2-520x315.jpg 520w, https:\/\/econostrum.info\/suisse\/wp-content\/uploads\/sites\/8\/2026\/08\/pharma-2-1536x931.jpg 1536w, https:\/\/econostrum.info\/suisse\/wp-content\/uploads\/sites\/8\/2026\/08\/pharma-2.jpg 1980w\" sizes=\"(max-width: 380px) 100vw, 380px\" title=\"\"><\/figure>\n<\/div>\n\n<div class=\"gb-container gb-container-909f7ca4 fil-info-title\">\n<div class=\"gb-headline gb-headline-44c1aa46 gb-headline-text category-link fil-info-category\"><span class=\"post-term-item term-economie\"><a href=\"https:\/\/econostrum.info\/suisse\/economie\/\">\u00c9conomie<\/a><\/span><\/div>\n\n<h3 class=\"gb-headline gb-headline-a9b5e4b9 gb-headline-text loop-title loop-title-media\"><a href=\"https:\/\/econostrum.info\/suisse\/politique-pharmaceutique-de-trump-suisse\/\">La politique pharmaceutique de Trump pourrait co\u00fbter 194,5 milliards de francs \u00e0 la Suisse<\/a><\/h3>\n<\/div>\n<\/div>\n<\/div><\/div>\n\n<div class=\"gb-grid-column gb-grid-column-9cd1de3a gb-query-loop-item post-113984 post type-post status-publish format-standard has-post-thumbnail hentry category-economie\"><div class=\"gb-container gb-container-9cd1de3a\">\n<div class=\"gb-container gb-container-cd652c7c thumb-media\">\n<div class=\"gb-container gb-container-f1356e14\">\n<figure class=\"gb-block-image gb-block-image-1f5426d9\"><img decoding=\"async\" width=\"380\" height=\"230\" src=\"https:\/\/econostrum.info\/suisse\/wp-content\/uploads\/sites\/8\/2026\/08\/biometrique-380x230.jpg\" class=\"gb-image-1f5426d9  loop-image loop-media-image\" alt=\"biom\u00e9trique\" srcset=\"https:\/\/econostrum.info\/suisse\/wp-content\/uploads\/sites\/8\/2026\/08\/biometrique-380x230.jpg 380w, https:\/\/econostrum.info\/suisse\/wp-content\/uploads\/sites\/8\/2026\/08\/biometrique-1200x727.jpg 1200w, https:\/\/econostrum.info\/suisse\/wp-content\/uploads\/sites\/8\/2026\/08\/biometrique-520x315.jpg 520w, https:\/\/econostrum.info\/suisse\/wp-content\/uploads\/sites\/8\/2026\/08\/biometrique-1536x931.jpg 1536w, https:\/\/econostrum.info\/suisse\/wp-content\/uploads\/sites\/8\/2026\/08\/biometrique.jpg 1980w\" sizes=\"(max-width: 380px) 100vw, 380px\" title=\"\"><\/figure>\n<\/div>\n\n<div class=\"gb-container gb-container-909f7ca4 fil-info-title\">\n<div class=\"gb-headline gb-headline-44c1aa46 gb-headline-text category-link fil-info-category\"><span class=\"post-term-item term-economie\"><a href=\"https:\/\/econostrum.info\/suisse\/economie\/\">\u00c9conomie<\/a><\/span><\/div>\n\n<h3 class=\"gb-headline gb-headline-a9b5e4b9 gb-headline-text loop-title loop-title-media\"><a href=\"https:\/\/econostrum.info\/suisse\/suisse-carte-identite-biometrique-novembre\/\">Suisse : la nouvelle carte d\u2019identit\u00e9 biom\u00e9trique pourra \u00eatre command\u00e9e d\u00e8s le 2 novembre<\/a><\/h3>\n<\/div>\n<\/div>\n<\/div><\/div>\n\n<div class=\"gb-grid-column gb-grid-column-9cd1de3a gb-query-loop-item post-113976 post type-post status-publish format-standard has-post-thumbnail hentry category-economie\"><div class=\"gb-container gb-container-9cd1de3a\">\n<div class=\"gb-container gb-container-cd652c7c thumb-media\">\n<div class=\"gb-container gb-container-f1356e14\">\n<figure class=\"gb-block-image gb-block-image-1f5426d9\"><img decoding=\"async\" width=\"380\" height=\"230\" src=\"https:\/\/econostrum.info\/suisse\/wp-content\/uploads\/sites\/8\/2026\/08\/suisse-2026-08-25T203140.611-380x230.jpg\" class=\"gb-image-1f5426d9  loop-image loop-media-image\" alt=\"suisse\" srcset=\"https:\/\/econostrum.info\/suisse\/wp-content\/uploads\/sites\/8\/2026\/08\/suisse-2026-08-25T203140.611-380x230.jpg 380w, https:\/\/econostrum.info\/suisse\/wp-content\/uploads\/sites\/8\/2026\/08\/suisse-2026-08-25T203140.611-1200x727.jpg 1200w, https:\/\/econostrum.info\/suisse\/wp-content\/uploads\/sites\/8\/2026\/08\/suisse-2026-08-25T203140.611-520x315.jpg 520w, https:\/\/econostrum.info\/suisse\/wp-content\/uploads\/sites\/8\/2026\/08\/suisse-2026-08-25T203140.611-1536x931.jpg 1536w, https:\/\/econostrum.info\/suisse\/wp-content\/uploads\/sites\/8\/2026\/08\/suisse-2026-08-25T203140.611.jpg 1980w\" sizes=\"(max-width: 380px) 100vw, 380px\" title=\"\"><\/figure>\n<\/div>\n\n<div class=\"gb-container gb-container-909f7ca4 fil-info-title\">\n<div class=\"gb-headline gb-headline-44c1aa46 gb-headline-text category-link fil-info-category\"><span class=\"post-term-item term-economie\"><a href=\"https:\/\/econostrum.info\/suisse\/economie\/\">\u00c9conomie<\/a><\/span><\/div>\n\n<h3 class=\"gb-headline gb-headline-a9b5e4b9 gb-headline-text loop-title loop-title-media\"><a href=\"https:\/\/econostrum.info\/suisse\/pib-a-16-la-suisse-moteur-croissance\/\">PIB \u00e0 +1,6 % : la Suisse trouve un nouveau moteur de croissance\u00a0<\/a><\/h3>\n<\/div>\n<\/div>\n<\/div><\/div>\n\n<div class=\"gb-grid-column gb-grid-column-9cd1de3a gb-query-loop-item post-113970 post type-post status-publish format-standard has-post-thumbnail hentry category-economie\"><div class=\"gb-container gb-container-9cd1de3a\">\n<div class=\"gb-container gb-container-cd652c7c thumb-media\">\n<div class=\"gb-container gb-container-f1356e14\">\n<figure class=\"gb-block-image gb-block-image-1f5426d9\"><img decoding=\"async\" width=\"380\" height=\"230\" src=\"https:\/\/econostrum.info\/suisse\/wp-content\/uploads\/sites\/8\/2026\/08\/septembre-380x230.jpg\" class=\"gb-image-1f5426d9  loop-image loop-media-image\" alt=\"septembre\" srcset=\"https:\/\/econostrum.info\/suisse\/wp-content\/uploads\/sites\/8\/2026\/08\/septembre-380x230.jpg 380w, https:\/\/econostrum.info\/suisse\/wp-content\/uploads\/sites\/8\/2026\/08\/septembre-1200x727.jpg 1200w, https:\/\/econostrum.info\/suisse\/wp-content\/uploads\/sites\/8\/2026\/08\/septembre-520x315.jpg 520w, https:\/\/econostrum.info\/suisse\/wp-content\/uploads\/sites\/8\/2026\/08\/septembre-1536x931.jpg 1536w, https:\/\/econostrum.info\/suisse\/wp-content\/uploads\/sites\/8\/2026\/08\/septembre.jpg 1980w\" sizes=\"(max-width: 380px) 100vw, 380px\" title=\"\"><\/figure>\n<\/div>\n\n<div class=\"gb-container gb-container-909f7ca4 fil-info-title\">\n<div class=\"gb-headline gb-headline-44c1aa46 gb-headline-text category-link fil-info-category\"><span class=\"post-term-item term-economie\"><a href=\"https:\/\/econostrum.info\/suisse\/economie\/\">\u00c9conomie<\/a><\/span><\/div>\n\n<h3 class=\"gb-headline gb-headline-a9b5e4b9 gb-headline-text loop-title loop-title-media\"><a href=\"https:\/\/econostrum.info\/suisse\/septembre-nouvelles-mesures-suisse\/\">D\u00e8s le 1er septembre, ces nouvelles mesures entrent en vigueur en Suisse\u00a0<\/a><\/h3>\n<\/div>\n<\/div>\n<\/div><\/div>\n<\/div>\n\n<\/div>\n<\/div>\n\n<div class=\"gb-container gb-container-86c9538e newsletter-home-block-content\">\n\n<a class=\"gb-button gb-button-062aaab6\" href=\"https:\/\/econostrum.info\/suisse\/economie\/\"><span class=\"gb-button-text\">Tout voir<\/span><span class=\"gb-icon\"><svg aria-hidden=\"true\" role=\"img\" height=\"1em\" width=\"1em\" viewBox=\"0 0 256 512\" xmlns=\"http:\/\/www.w3.org\/2000\/svg\"><path fill=\"currentColor\" d=\"M224.3 273l-136 136c-9.4 9.4-24.6 9.4-33.9 0l-22.6-22.6c-9.4-9.4-9.4-24.6 0-33.9l96.4-96.4-96.4-96.4c-9.4-9.4-9.4-24.6 0-33.9L54.3 103c9.4-9.4 24.6-9.4 33.9 0l136 136c9.5 9.4 9.5 24.6.1 34z\"><\/path><\/svg><\/span><\/a>\n\n<\/div>\n<\/div>\n<\/div>\n\n<div class=\"gb-container gb-container-d2470b49\">\n<div class=\"gb-container gb-container-ca46ca39\">\n<div class=\"gb-container gb-container-f5350a0f\">\n\n<figure class=\"gb-block-image gb-block-image-ea19469a\"><img decoding=\"async\" class=\"gb-image gb-image-ea19469a\" src=\"https:\/\/econostrum.info\/wp-content\/uploads\/2024\/12\/newsletter-bg-scaled-1-380x253.jpg\" alt=\"\" title=\"newsletter-bg--scaled\"><\/figure>\n\n<\/div>\n\n<div class=\"gb-container gb-container-40334662\">\n<div class=\"gb-container gb-container-49521c45\">\n\n<div class=\"gb-headline gb-headline-28122cbd gb-headline-text fil-info-category\">Newsletter<\/div>\n\n\n\n<div class=\"gb-headline gb-headline-29f57b94 gb-headline-text\">Les matinales d&rsquo;Econostrum<\/div>\n\n<\/div>\n\n<div class=\"gb-container gb-container-9b4d28fc\">\n\n<p style=\"font-size:16px\"><strong>Commencez votre journ\u00e9e avec les derni\u00e8res actualit\u00e9s \u00e9conomiques: march\u00e9s, entreprises, innovations et d\u00e9cisions cl\u00e9s. <\/strong><\/p>\n\n<\/div>\n\n<div class=\"gb-container gb-container-8582e394\">\n\n<a class=\"gb-button gb-button-52d983fa gb-button-text\" href=\"https:\/\/econostrum.info\/suisse\/newsletter\/\">Je reste connect\u00e9<\/a>\n\n<\/div>\n<\/div>\n<\/div>\n<\/div>\n\n<div class=\"gb-container gb-container-fc233dab\">\n\n<h2 class=\"gb-headline gb-headline-08fe00f5 gb-headline-text\">Aides sociales<\/h2>\n\n\n<div class=\"gb-container gb-container-28214904\">\n\n<div class=\"gb-grid-wrapper gb-grid-wrapper-8790b34c gb-query-loop-wrapper\">\n<div class=\"gb-grid-column gb-grid-column-82367e0f gb-query-loop-item post-113992 post type-post status-publish format-standard has-post-thumbnail hentry category-aides-sociales\"><div class=\"gb-container gb-container-82367e0f\">\n<div class=\"gb-container gb-container-be5c947a\">\n<figure class=\"gb-block-image gb-block-image-24faefa0\"><img decoding=\"async\" width=\"380\" height=\"230\" src=\"https:\/\/econostrum.info\/suisse\/wp-content\/uploads\/sites\/8\/2026\/08\/famille-380x230.jpg\" class=\"gb-image-24faefa0  loop-image\" alt=\"famille\" srcset=\"https:\/\/econostrum.info\/suisse\/wp-content\/uploads\/sites\/8\/2026\/08\/famille-380x230.jpg 380w, https:\/\/econostrum.info\/suisse\/wp-content\/uploads\/sites\/8\/2026\/08\/famille-1200x727.jpg 1200w, https:\/\/econostrum.info\/suisse\/wp-content\/uploads\/sites\/8\/2026\/08\/famille-520x315.jpg 520w, https:\/\/econostrum.info\/suisse\/wp-content\/uploads\/sites\/8\/2026\/08\/famille-1536x931.jpg 1536w, https:\/\/econostrum.info\/suisse\/wp-content\/uploads\/sites\/8\/2026\/08\/famille.jpg 1980w\" sizes=\"(max-width: 380px) 100vw, 380px\" title=\"\"><\/figure>\n\n<div class=\"gb-headline gb-headline-1c8dc705 gb-headline-text category-link\"><span class=\"post-term-item term-aides-sociales\"><a href=\"https:\/\/econostrum.info\/suisse\/aides-sociales\/\">Aides sociales<\/a><\/span><\/div>\n\n<h2 class=\"gb-headline gb-headline-08fcb95f gb-headline-text loop-title\"><a href=\"https:\/\/econostrum.info\/suisse\/famille-retour-gratuite-parascolaire-geneve\/\">7&rsquo;000 familles vont \u00e9conomiser gr\u00e2ce au retour de la gratuit\u00e9 du parascolaire \u00e0 Gen\u00e8ve\u00a0<\/a><\/h2>\n<\/div>\n<\/div><\/div>\n\n<div class=\"gb-grid-column gb-grid-column-82367e0f gb-query-loop-item post-113438 post type-post status-publish format-standard has-post-thumbnail hentry category-aides-sociales\"><div class=\"gb-container gb-container-82367e0f\">\n<div class=\"gb-container gb-container-be5c947a\">\n<figure class=\"gb-block-image gb-block-image-24faefa0\"><img decoding=\"async\" width=\"380\" height=\"230\" src=\"https:\/\/econostrum.info\/suisse\/wp-content\/uploads\/sites\/8\/2026\/07\/retraites-380x230.jpg\" class=\"gb-image-24faefa0  loop-image\" alt=\"retraites\" srcset=\"https:\/\/econostrum.info\/suisse\/wp-content\/uploads\/sites\/8\/2026\/07\/retraites-380x230.jpg 380w, https:\/\/econostrum.info\/suisse\/wp-content\/uploads\/sites\/8\/2026\/07\/retraites-1200x727.jpg 1200w, https:\/\/econostrum.info\/suisse\/wp-content\/uploads\/sites\/8\/2026\/07\/retraites-520x315.jpg 520w, https:\/\/econostrum.info\/suisse\/wp-content\/uploads\/sites\/8\/2026\/07\/retraites-1536x931.jpg 1536w, https:\/\/econostrum.info\/suisse\/wp-content\/uploads\/sites\/8\/2026\/07\/retraites.jpg 1980w\" sizes=\"(max-width: 380px) 100vw, 380px\" title=\"\"><\/figure>\n\n<div class=\"gb-headline gb-headline-1c8dc705 gb-headline-text category-link\"><span class=\"post-term-item term-aides-sociales\"><a href=\"https:\/\/econostrum.info\/suisse\/aides-sociales\/\">Aides sociales<\/a><\/span><\/div>\n\n<h2 class=\"gb-headline gb-headline-08fcb95f gb-headline-text loop-title\"><a href=\"https:\/\/econostrum.info\/suisse\/oubli-retraites-suisses-prestations\/\">Cet oubli co\u00fbte cher aux retrait\u00e9s suisses qui renoncent \u00e0 des prestations importantes\u00a0<\/a><\/h2>\n<\/div>\n<\/div><\/div>\n\n<div class=\"gb-grid-column gb-grid-column-82367e0f gb-query-loop-item post-113348 post type-post status-publish format-standard has-post-thumbnail hentry category-aides-sociales\"><div class=\"gb-container gb-container-82367e0f\">\n<div class=\"gb-container gb-container-be5c947a\">\n<figure class=\"gb-block-image gb-block-image-24faefa0\"><img decoding=\"async\" width=\"380\" height=\"230\" src=\"https:\/\/econostrum.info\/suisse\/wp-content\/uploads\/sites\/8\/2026\/07\/Chomage-4-380x230.jpg\" class=\"gb-image-24faefa0  loop-image\" alt=\"Chomage\" srcset=\"https:\/\/econostrum.info\/suisse\/wp-content\/uploads\/sites\/8\/2026\/07\/Chomage-4-380x230.jpg 380w, https:\/\/econostrum.info\/suisse\/wp-content\/uploads\/sites\/8\/2026\/07\/Chomage-4-1200x727.jpg 1200w, https:\/\/econostrum.info\/suisse\/wp-content\/uploads\/sites\/8\/2026\/07\/Chomage-4-520x315.jpg 520w, https:\/\/econostrum.info\/suisse\/wp-content\/uploads\/sites\/8\/2026\/07\/Chomage-4-1536x931.jpg 1536w, https:\/\/econostrum.info\/suisse\/wp-content\/uploads\/sites\/8\/2026\/07\/Chomage-4.jpg 1980w\" sizes=\"(max-width: 380px) 100vw, 380px\" title=\"\"><\/figure>\n\n<div class=\"gb-headline gb-headline-1c8dc705 gb-headline-text category-link\"><span class=\"post-term-item term-aides-sociales\"><a href=\"https:\/\/econostrum.info\/suisse\/aides-sociales\/\">Aides sociales<\/a><\/span><\/div>\n\n<h2 class=\"gb-headline gb-headline-08fcb95f gb-headline-text loop-title\"><a href=\"https:\/\/econostrum.info\/suisse\/benevolat-chomage-allocations-suisse\/\">Faire du b\u00e9n\u00e9volat pendant le ch\u00f4mage peut vous co\u00fbter plusieurs centaines de francs sur vos allocations en Suisse\u00a0<\/a><\/h2>\n<\/div>\n<\/div><\/div>\n\n<div class=\"gb-grid-column gb-grid-column-82367e0f gb-query-loop-item post-113244 post type-post status-publish format-standard has-post-thumbnail hentry category-aides-sociales\"><div class=\"gb-container gb-container-82367e0f\">\n<div class=\"gb-container gb-container-be5c947a\">\n<figure class=\"gb-block-image gb-block-image-24faefa0\"><img decoding=\"async\" width=\"380\" height=\"230\" src=\"https:\/\/econostrum.info\/suisse\/wp-content\/uploads\/sites\/8\/2026\/07\/aide-1-380x230.jpg\" class=\"gb-image-24faefa0  loop-image\" alt=\"aide\" srcset=\"https:\/\/econostrum.info\/suisse\/wp-content\/uploads\/sites\/8\/2026\/07\/aide-1-380x230.jpg 380w, https:\/\/econostrum.info\/suisse\/wp-content\/uploads\/sites\/8\/2026\/07\/aide-1-1200x727.jpg 1200w, https:\/\/econostrum.info\/suisse\/wp-content\/uploads\/sites\/8\/2026\/07\/aide-1-520x315.jpg 520w, https:\/\/econostrum.info\/suisse\/wp-content\/uploads\/sites\/8\/2026\/07\/aide-1-1536x931.jpg 1536w, https:\/\/econostrum.info\/suisse\/wp-content\/uploads\/sites\/8\/2026\/07\/aide-1.jpg 1980w\" sizes=\"(max-width: 380px) 100vw, 380px\" title=\"\"><\/figure>\n\n<div class=\"gb-headline gb-headline-1c8dc705 gb-headline-text category-link\"><span class=\"post-term-item term-aides-sociales\"><a href=\"https:\/\/econostrum.info\/suisse\/aides-sociales\/\">Aides sociales<\/a><\/span><\/div>\n\n<h2 class=\"gb-headline gb-headline-08fcb95f gb-headline-text loop-title\"><a href=\"https:\/\/econostrum.info\/suisse\/aide-de-500-francs-par-mois-familles-suisse\/\">Une aide de 500 francs par mois arrive pour certaines familles en Suisse\u00a0<\/a><\/h2>\n<\/div>\n<\/div><\/div>\n<\/div>\n\n<\/div>\n\n<div class=\"gb-container gb-container-7a2e763a\">\n\n<a class=\"gb-button gb-button-2dc3c622\" href=\"https:\/\/econostrum.info\/suisse\/aides-sociales\/\"><span class=\"gb-button-text\">Tout voir<\/span><span class=\"gb-icon\"><svg aria-hidden=\"true\" role=\"img\" height=\"1em\" width=\"1em\" viewBox=\"0 0 256 512\" xmlns=\"http:\/\/www.w3.org\/2000\/svg\"><path fill=\"currentColor\" d=\"M224.3 273l-136 136c-9.4 9.4-24.6 9.4-33.9 0l-22.6-22.6c-9.4-9.4-9.4-24.6 0-33.9l96.4-96.4-96.4-96.4c-9.4-9.4-9.4-24.6 0-33.9L54.3 103c9.4-9.4 24.6-9.4 33.9 0l136 136c9.5 9.4 9.5 24.6.1 34z\"><\/path><\/svg><\/span><\/a>\n\n<\/div>\n<\/div>\n\n<div class=\"gb-container gb-container-3e93dc2a\">\n<div class=\"gb-container gb-container-9c072118\">\n\n<h2 class=\"gb-headline gb-headline-fc1871ca gb-headline-text category-title\">Consommation<\/h2>\n\n\n<div class=\"gb-container gb-container-12c57ef2\">\n<div class=\"gb-container gb-container-659024d4\">\n\n<div class=\"gb-grid-wrapper gb-grid-wrapper-9b74cd50 gb-query-loop-wrapper\">\n<div class=\"gb-grid-column gb-grid-column-5f8e1eef gb-query-loop-item post-114040 post type-post status-publish format-standard has-post-thumbnail hentry category-conso\"><div class=\"gb-container gb-container-5f8e1eef\">\n<div class=\"gb-container gb-container-9355c7c5 thumb-image\" style=\"background-image: url(https:\/\/econostrum.info\/suisse\/wp-content\/uploads\/sites\/8\/2026\/08\/appareils.jpg);\">\n<div class=\"gb-container gb-container-f7236d10\">\n<div class=\"gb-container gb-container-e77a90fc category-link\">\n<a class=\"gb-button gb-button-7cfb4aba gb-button-text post-term-item post-term-conso category-link\" href=\"https:\/\/econostrum.info\/suisse\/conso\/\">Conso<\/a>\n<\/div>\n\n<h2 class=\"gb-headline gb-headline-857aff98 gb-headline-text loop-title\"><a href=\"https:\/\/econostrum.info\/suisse\/esti-appareils-electriques-prix-suisse\/\">L\u2019ESTI met en garde contre ces appareils \u00e9lectriques vendus \u00e0 prix cass\u00e9s en Suisse<\/a><\/h2>\n\n<div class=\"gb-container gb-container-7ec534dd\"><\/div>\n\n<div class=\"gb-container gb-container-2f2afb69\">\n<div style=\"font-size:13px;font-style:normal;font-weight:500;text-transform:none;\" class=\"has-link-color wp-elements-3c416bcb18dbd7d8108a87fe6dd1ecc1 wp-block-post-author-name has-text-color has-base-3-color\">Nora T.<\/div>\n\n<p class=\"gb-headline gb-headline-5a073adf\"><span class=\"gb-icon\"><svg aria-hidden=\"true\" role=\"img\" height=\"1em\" width=\"1em\" viewbox=\"0 0 512 512\" xmlns=\"http:\/\/www.w3.org\/2000\/svg\"><path fill=\"currentColor\" d=\"M256 8C119 8 8 119 8 256s111 248 248 248 248-111 248-248S393 8 256 8zm0 448c-110.5 0-200-89.5-200-200S145.5 56 256 56s200 89.5 200 200-89.5 200-200 200zm61.8-104.4l-84.9-61.7c-3.1-2.3-4.9-5.9-4.9-9.7V116c0-6.6 5.4-12 12-12h32c6.6 0 12 5.4 12 12v141.7l66.8 48.6c5.4 3.9 6.5 11.4 2.6 16.8L334.6 349c-3.9 5.3-11.4 6.5-16.8 2.6z\"><\/path><\/svg><\/span><span class=\"gb-headline-text\"><time class=\"entry-date published\" datetime=\"2026-08-31T13:51:00+02:00\">31 ao\u00fbt 2026<\/time><\/span><\/p>\n<\/div>\n<\/div>\n<\/div>\n<\/div><\/div>\n<\/div>\n\n<\/div>\n\n<div class=\"gb-container gb-container-89e96099\">\n\n<div class=\"gb-grid-wrapper gb-grid-wrapper-2491761a gb-query-loop-wrapper\">\n<div class=\"gb-grid-column gb-grid-column-693f38d5 gb-query-loop-item post-114040 post type-post status-publish format-standard has-post-thumbnail hentry category-conso\"><div class=\"gb-container gb-container-693f38d5\">\n<div class=\"gb-container gb-container-cd652c7c thumb-media\">\n<div class=\"gb-container gb-container-f1356e14\">\n<figure class=\"gb-block-image gb-block-image-1f5426d9\"><img decoding=\"async\" width=\"380\" height=\"230\" src=\"https:\/\/econostrum.info\/suisse\/wp-content\/uploads\/sites\/8\/2026\/08\/appareils-380x230.jpg\" class=\"gb-image-1f5426d9  loop-image loop-media-image\" alt=\"appareils\" srcset=\"https:\/\/econostrum.info\/suisse\/wp-content\/uploads\/sites\/8\/2026\/08\/appareils-380x230.jpg 380w, https:\/\/econostrum.info\/suisse\/wp-content\/uploads\/sites\/8\/2026\/08\/appareils-1200x727.jpg 1200w, https:\/\/econostrum.info\/suisse\/wp-content\/uploads\/sites\/8\/2026\/08\/appareils-520x315.jpg 520w, https:\/\/econostrum.info\/suisse\/wp-content\/uploads\/sites\/8\/2026\/08\/appareils-1536x931.jpg 1536w, https:\/\/econostrum.info\/suisse\/wp-content\/uploads\/sites\/8\/2026\/08\/appareils.jpg 1980w\" sizes=\"(max-width: 380px) 100vw, 380px\" title=\"\"><\/figure>\n<\/div>\n\n<div class=\"gb-container gb-container-909f7ca4 fil-info-title\">\n<div class=\"gb-headline gb-headline-44c1aa46 gb-headline-text category-link fil-info-category\"><span class=\"post-term-item term-conso\"><a href=\"https:\/\/econostrum.info\/suisse\/conso\/\">Conso<\/a><\/span><\/div>\n\n<h3 class=\"gb-headline gb-headline-a9b5e4b9 gb-headline-text loop-title loop-title-media\"><a href=\"https:\/\/econostrum.info\/suisse\/esti-appareils-electriques-prix-suisse\/\">L\u2019ESTI met en garde contre ces appareils \u00e9lectriques vendus \u00e0 prix cass\u00e9s en Suisse<\/a><\/h3>\n<\/div>\n<\/div>\n<\/div><\/div>\n\n<div class=\"gb-grid-column gb-grid-column-693f38d5 gb-query-loop-item post-114036 post type-post status-publish format-standard has-post-thumbnail hentry category-conso\"><div class=\"gb-container gb-container-693f38d5\">\n<div class=\"gb-container gb-container-cd652c7c thumb-media\">\n<div class=\"gb-container gb-container-f1356e14\">\n<figure class=\"gb-block-image gb-block-image-1f5426d9\"><img decoding=\"async\" width=\"380\" height=\"230\" src=\"https:\/\/econostrum.info\/suisse\/wp-content\/uploads\/sites\/8\/2026\/08\/prix-7-380x230.jpg\" class=\"gb-image-1f5426d9  loop-image loop-media-image\" alt=\"prix\" srcset=\"https:\/\/econostrum.info\/suisse\/wp-content\/uploads\/sites\/8\/2026\/08\/prix-7-380x230.jpg 380w, https:\/\/econostrum.info\/suisse\/wp-content\/uploads\/sites\/8\/2026\/08\/prix-7-1200x727.jpg 1200w, https:\/\/econostrum.info\/suisse\/wp-content\/uploads\/sites\/8\/2026\/08\/prix-7-520x315.jpg 520w, https:\/\/econostrum.info\/suisse\/wp-content\/uploads\/sites\/8\/2026\/08\/prix-7-1536x931.jpg 1536w, https:\/\/econostrum.info\/suisse\/wp-content\/uploads\/sites\/8\/2026\/08\/prix-7.jpg 1980w\" sizes=\"(max-width: 380px) 100vw, 380px\" title=\"\"><\/figure>\n<\/div>\n\n<div class=\"gb-container gb-container-909f7ca4 fil-info-title\">\n<div class=\"gb-headline gb-headline-44c1aa46 gb-headline-text category-link fil-info-category\"><span class=\"post-term-item term-conso\"><a href=\"https:\/\/econostrum.info\/suisse\/conso\/\">Conso<\/a><\/span><\/div>\n\n<h3 class=\"gb-headline gb-headline-a9b5e4b9 gb-headline-text loop-title loop-title-media\"><a href=\"https:\/\/econostrum.info\/suisse\/monsieur-prix-payer-plus-cher-les-suisses\/\">Monsieur Prix tire la sonnette d\u2019alarme\u00a0 : ce tour de passe-passe fait payer plus cher les Suisses sans vraiment en avoir l\u2019air\u00a0<\/a><\/h3>\n<\/div>\n<\/div>\n<\/div><\/div>\n\n<div class=\"gb-grid-column gb-grid-column-693f38d5 gb-query-loop-item post-114016 post type-post status-publish format-standard has-post-thumbnail hentry category-conso\"><div class=\"gb-container gb-container-693f38d5\">\n<div class=\"gb-container gb-container-cd652c7c thumb-media\">\n<div class=\"gb-container gb-container-f1356e14\">\n<figure class=\"gb-block-image gb-block-image-1f5426d9\"><img decoding=\"async\" width=\"380\" height=\"230\" src=\"https:\/\/econostrum.info\/suisse\/wp-content\/uploads\/sites\/8\/2026\/08\/suisse-2026-08-29T195516.596-380x230.jpg\" class=\"gb-image-1f5426d9  loop-image loop-media-image\" alt=\"suisse\" srcset=\"https:\/\/econostrum.info\/suisse\/wp-content\/uploads\/sites\/8\/2026\/08\/suisse-2026-08-29T195516.596-380x230.jpg 380w, https:\/\/econostrum.info\/suisse\/wp-content\/uploads\/sites\/8\/2026\/08\/suisse-2026-08-29T195516.596-1200x727.jpg 1200w, https:\/\/econostrum.info\/suisse\/wp-content\/uploads\/sites\/8\/2026\/08\/suisse-2026-08-29T195516.596-520x315.jpg 520w, https:\/\/econostrum.info\/suisse\/wp-content\/uploads\/sites\/8\/2026\/08\/suisse-2026-08-29T195516.596-1536x931.jpg 1536w, https:\/\/econostrum.info\/suisse\/wp-content\/uploads\/sites\/8\/2026\/08\/suisse-2026-08-29T195516.596.jpg 1980w\" sizes=\"(max-width: 380px) 100vw, 380px\" title=\"\"><\/figure>\n<\/div>\n\n<div class=\"gb-container gb-container-909f7ca4 fil-info-title\">\n<div class=\"gb-headline gb-headline-44c1aa46 gb-headline-text category-link fil-info-category\"><span class=\"post-term-item term-conso\"><a href=\"https:\/\/econostrum.info\/suisse\/conso\/\">Conso<\/a><\/span><\/div>\n\n<h3 class=\"gb-headline gb-headline-a9b5e4b9 gb-headline-text loop-title loop-title-media\"><a href=\"https:\/\/econostrum.info\/suisse\/recyclage-passe-a-la-vitesse-suisse\/\">Le recyclage passe \u00e0 la vitesse sup\u00e9rieure en Suisse et votre portefeuille pourrait trinquer\u00a0<\/a><\/h3>\n<\/div>\n<\/div>\n<\/div><\/div>\n\n<div class=\"gb-grid-column gb-grid-column-693f38d5 gb-query-loop-item post-114009 post type-post status-publish format-standard has-post-thumbnail hentry category-conso\"><div class=\"gb-container gb-container-693f38d5\">\n<div class=\"gb-container gb-container-cd652c7c thumb-media\">\n<div class=\"gb-container gb-container-f1356e14\">\n<figure class=\"gb-block-image gb-block-image-1f5426d9\"><img decoding=\"async\" width=\"380\" height=\"230\" src=\"https:\/\/econostrum.info\/suisse\/wp-content\/uploads\/sites\/8\/2026\/08\/Suisse-2026-08-28T201746.801-380x230.jpg\" class=\"gb-image-1f5426d9  loop-image loop-media-image\" alt=\"Suisse\" srcset=\"https:\/\/econostrum.info\/suisse\/wp-content\/uploads\/sites\/8\/2026\/08\/Suisse-2026-08-28T201746.801-380x230.jpg 380w, https:\/\/econostrum.info\/suisse\/wp-content\/uploads\/sites\/8\/2026\/08\/Suisse-2026-08-28T201746.801-1200x727.jpg 1200w, https:\/\/econostrum.info\/suisse\/wp-content\/uploads\/sites\/8\/2026\/08\/Suisse-2026-08-28T201746.801-520x315.jpg 520w, https:\/\/econostrum.info\/suisse\/wp-content\/uploads\/sites\/8\/2026\/08\/Suisse-2026-08-28T201746.801-1536x931.jpg 1536w, https:\/\/econostrum.info\/suisse\/wp-content\/uploads\/sites\/8\/2026\/08\/Suisse-2026-08-28T201746.801.jpg 1980w\" sizes=\"(max-width: 380px) 100vw, 380px\" title=\"\"><\/figure>\n<\/div>\n\n<div class=\"gb-container gb-container-909f7ca4 fil-info-title\">\n<div class=\"gb-headline gb-headline-44c1aa46 gb-headline-text category-link fil-info-category\"><span class=\"post-term-item term-conso\"><a href=\"https:\/\/econostrum.info\/suisse\/conso\/\">Conso<\/a><\/span><\/div>\n\n<h3 class=\"gb-headline gb-headline-a9b5e4b9 gb-headline-text loop-title loop-title-media\"><a href=\"https:\/\/econostrum.info\/suisse\/netflix-regle-abonnements-suisse\/\">Netflix, Disney+, Spotify : une nouvelle r\u00e8gle pourrait changer vos abonnements en Suisse<\/a><\/h3>\n<\/div>\n<\/div>\n<\/div><\/div>\n\n<div class=\"gb-grid-column gb-grid-column-693f38d5 gb-query-loop-item post-113949 post type-post status-publish format-standard has-post-thumbnail hentry category-conso\"><div class=\"gb-container gb-container-693f38d5\">\n<div class=\"gb-container gb-container-cd652c7c thumb-media\">\n<div class=\"gb-container gb-container-f1356e14\">\n<figure class=\"gb-block-image gb-block-image-1f5426d9\"><img decoding=\"async\" width=\"380\" height=\"230\" src=\"https:\/\/econostrum.info\/suisse\/wp-content\/uploads\/sites\/8\/2026\/08\/iphone-380x230.jpg\" class=\"gb-image-1f5426d9  loop-image loop-media-image\" alt=\"iphone\" srcset=\"https:\/\/econostrum.info\/suisse\/wp-content\/uploads\/sites\/8\/2026\/08\/iphone-380x230.jpg 380w, https:\/\/econostrum.info\/suisse\/wp-content\/uploads\/sites\/8\/2026\/08\/iphone-1200x727.jpg 1200w, https:\/\/econostrum.info\/suisse\/wp-content\/uploads\/sites\/8\/2026\/08\/iphone-520x315.jpg 520w, https:\/\/econostrum.info\/suisse\/wp-content\/uploads\/sites\/8\/2026\/08\/iphone-1536x931.jpg 1536w, https:\/\/econostrum.info\/suisse\/wp-content\/uploads\/sites\/8\/2026\/08\/iphone.jpg 1980w\" sizes=\"(max-width: 380px) 100vw, 380px\" title=\"\"><\/figure>\n<\/div>\n\n<div class=\"gb-container gb-container-909f7ca4 fil-info-title\">\n<div class=\"gb-headline gb-headline-44c1aa46 gb-headline-text category-link fil-info-category\"><span class=\"post-term-item term-conso\"><a href=\"https:\/\/econostrum.info\/suisse\/conso\/\">Conso<\/a><\/span><\/div>\n\n<h3 class=\"gb-headline gb-headline-a9b5e4b9 gb-headline-text loop-title loop-title-media\"><a href=\"https:\/\/econostrum.info\/suisse\/iphone-18-classique-cette-annee-apple\/\">Pas d\u2019iPhone 18 classique cette ann\u00e9e ? Apple pr\u00e9pare un virage in\u00e9dit\u00a0<\/a><\/h3>\n<\/div>\n<\/div>\n<\/div><\/div>\n\n<div class=\"gb-grid-column gb-grid-column-693f38d5 gb-query-loop-item post-113945 post type-post status-publish format-standard has-post-thumbnail hentry category-conso\"><div class=\"gb-container gb-container-693f38d5\">\n<div class=\"gb-container gb-container-cd652c7c thumb-media\">\n<div class=\"gb-container gb-container-f1356e14\">\n<figure class=\"gb-block-image gb-block-image-1f5426d9\"><img decoding=\"async\" width=\"380\" height=\"230\" src=\"https:\/\/econostrum.info\/suisse\/wp-content\/uploads\/sites\/8\/2026\/08\/Aldi--380x230.jpg\" class=\"gb-image-1f5426d9  loop-image loop-media-image\" alt=\"Aldi\" srcset=\"https:\/\/econostrum.info\/suisse\/wp-content\/uploads\/sites\/8\/2026\/08\/Aldi--380x230.jpg 380w, https:\/\/econostrum.info\/suisse\/wp-content\/uploads\/sites\/8\/2026\/08\/Aldi--1200x727.jpg 1200w, https:\/\/econostrum.info\/suisse\/wp-content\/uploads\/sites\/8\/2026\/08\/Aldi--520x315.jpg 520w, https:\/\/econostrum.info\/suisse\/wp-content\/uploads\/sites\/8\/2026\/08\/Aldi--1536x931.jpg 1536w, https:\/\/econostrum.info\/suisse\/wp-content\/uploads\/sites\/8\/2026\/08\/Aldi-.jpg 1980w\" sizes=\"(max-width: 380px) 100vw, 380px\" title=\"\"><\/figure>\n<\/div>\n\n<div class=\"gb-container gb-container-909f7ca4 fil-info-title\">\n<div class=\"gb-headline gb-headline-44c1aa46 gb-headline-text category-link fil-info-category\"><span class=\"post-term-item term-conso\"><a href=\"https:\/\/econostrum.info\/suisse\/conso\/\">Conso<\/a><\/span><\/div>\n\n<h3 class=\"gb-headline gb-headline-a9b5e4b9 gb-headline-text loop-title loop-title-media\"><a href=\"https:\/\/econostrum.info\/suisse\/aldi-now-livraison-de-courses\/\">Aldi Now, c\u2019est fini : le discounter abandonne la livraison de courses\u00a0 apr\u00e8s 4 ans d\u2019activit\u00e9<\/a><\/h3>\n<\/div>\n<\/div>\n<\/div><\/div>\n<\/div>\n\n\n<div class=\"gb-container gb-container-a69106c1\">\n\n<a class=\"gb-button gb-button-4b79293c\" href=\"https:\/\/econostrum.info\/suisse\/conso\/\"><span class=\"gb-button-text\">Tout voir<\/span><span class=\"gb-icon\"><svg aria-hidden=\"true\" role=\"img\" height=\"1em\" width=\"1em\" viewBox=\"0 0 256 512\" xmlns=\"http:\/\/www.w3.org\/2000\/svg\"><path fill=\"currentColor\" d=\"M224.3 273l-136 136c-9.4 9.4-24.6 9.4-33.9 0l-22.6-22.6c-9.4-9.4-9.4-24.6 0-33.9l96.4-96.4-96.4-96.4c-9.4-9.4-9.4-24.6 0-33.9L54.3 103c9.4-9.4 24.6-9.4 33.9 0l136 136c9.5 9.4 9.5 24.6.1 34z\"><\/path><\/svg><\/span><\/a>\n\n<\/div>\n<\/div>\n<\/div>\n<\/div>\n<\/div>\n\n<div class=\"gb-container gb-container-58dcfb33\">\n<div class=\"gb-container gb-container-ae54d3df\">\n\n<h2 class=\"gb-headline gb-headline-f871a9db gb-headline-text\">Epargne et banques<\/h2>\n\n\n<div class=\"gb-container gb-container-82585599\">\n<div class=\"gb-container gb-container-9ef052e2\">\n\n<div class=\"gb-grid-wrapper gb-grid-wrapper-c1cbdf31 gb-query-loop-wrapper\">\n<div class=\"gb-grid-column gb-grid-column-93e9a0f8 gb-query-loop-item post-114044 post type-post status-publish format-standard has-post-thumbnail hentry category-banque\"><div class=\"gb-container gb-container-93e9a0f8\">\n<div class=\"gb-container gb-container-be5c947a\">\n<figure class=\"gb-block-image gb-block-image-24faefa0\"><img decoding=\"async\" width=\"380\" height=\"230\" src=\"https:\/\/econostrum.info\/suisse\/wp-content\/uploads\/sites\/8\/2026\/07\/ubs-7-380x230.jpg\" class=\"gb-image-24faefa0  loop-image\" alt=\"ubs\" srcset=\"https:\/\/econostrum.info\/suisse\/wp-content\/uploads\/sites\/8\/2026\/07\/ubs-7-380x230.jpg 380w, https:\/\/econostrum.info\/suisse\/wp-content\/uploads\/sites\/8\/2026\/07\/ubs-7-1200x727.jpg 1200w, https:\/\/econostrum.info\/suisse\/wp-content\/uploads\/sites\/8\/2026\/07\/ubs-7-520x315.jpg 520w, https:\/\/econostrum.info\/suisse\/wp-content\/uploads\/sites\/8\/2026\/07\/ubs-7-1536x931.jpg 1536w, https:\/\/econostrum.info\/suisse\/wp-content\/uploads\/sites\/8\/2026\/07\/ubs-7.jpg 1980w\" sizes=\"(max-width: 380px) 100vw, 380px\" title=\"\"><\/figure>\n\n<div class=\"gb-container gb-container-8976dced\">\n<div class=\"gb-headline gb-headline-2095780a gb-headline-text category-link\"><span class=\"post-term-item term-banque\"><a href=\"https:\/\/econostrum.info\/suisse\/banque\/\">Banque<\/a><\/span><\/div>\n\n<h2 class=\"gb-headline gb-headline-8303c19a gb-headline-text loop-title loop-title-standard\"><a href=\"https:\/\/econostrum.info\/suisse\/ubs-naura-pas-droit-suisses-regles\/\">UBS n\u2019aura pas droit \u00e0 un passe-droit : les \u00e9lus suisses renforcent les r\u00e8gles\u00a0<\/a><\/h2>\n<\/div>\n\n<div class=\"gb-container gb-container-f47440c0\">\n<div style=\"font-size:13px;font-style:normal;font-weight:500;text-transform:none;\" class=\"has-link-color wp-elements-bd457617c860fa4627fa3d81d99d51dd wp-block-post-author-name has-text-color has-secondary-color-color\">Lisa M.<\/div>\n\n<p class=\"gb-headline gb-headline-94216922\"><span class=\"gb-icon\"><svg aria-hidden=\"true\" role=\"img\" height=\"1em\" width=\"1em\" viewbox=\"0 0 512 512\" xmlns=\"https:\/\/www.w3.org\/2000\/svg\"><path fill=\"currentColor\" d=\"M256 8C119 8 8 119 8 256s111 248 248 248 248-111 248-248S393 8 256 8zm0 448c-110.5 0-200-89.5-200-200S145.5 56 256 56s200 89.5 200 200-89.5 200-200 200zm61.8-104.4l-84.9-61.7c-3.1-2.3-4.9-5.9-4.9-9.7V116c0-6.6 5.4-12 12-12h32c6.6 0 12 5.4 12 12v141.7l66.8 48.6c5.4 3.9 6.5 11.4 2.6 16.8L334.6 349c-3.9 5.3-11.4 6.5-16.8 2.6z\"><\/path><\/svg><\/span><span class=\"gb-headline-text\"><time class=\"entry-date published\" datetime=\"2026-09-01T07:36:00+02:00\">1 septembre 2026<\/time><\/span><\/p>\n<\/div>\n<\/div>\n<\/div><\/div>\n<\/div>\n\n<\/div>\n\n<div class=\"gb-container gb-container-54f08ec7\">\n\n<div class=\"gb-grid-wrapper gb-grid-wrapper-1683eaee gb-query-loop-wrapper\">\n<div class=\"gb-grid-column gb-grid-column-665d1c02 gb-query-loop-item post-114044 post type-post status-publish format-standard has-post-thumbnail hentry category-banque\"><div class=\"gb-container gb-container-665d1c02\">\n<article class=\"gb-container gb-container-eaa1f858\">\n<div class=\"gb-container gb-container-25f38c7f loop-title-icon\"><\/div>\n\n<h3 class=\"gb-headline gb-headline-d11dd8ee secondary-font gb-headline-text loop-title loop-title-only\"><a href=\"https:\/\/econostrum.info\/suisse\/ubs-naura-pas-droit-suisses-regles\/\">UBS n\u2019aura pas droit \u00e0 un passe-droit : les \u00e9lus suisses renforcent les r\u00e8gles\u00a0<\/a><\/h3>\n<\/article>\n<\/div><\/div>\n\n<div class=\"gb-grid-column gb-grid-column-665d1c02 gb-query-loop-item post-113988 post type-post status-publish format-standard has-post-thumbnail hentry category-epargne\"><div class=\"gb-container gb-container-665d1c02\">\n<article class=\"gb-container gb-container-eaa1f858\">\n<div class=\"gb-container gb-container-25f38c7f loop-title-icon\"><\/div>\n\n<h3 class=\"gb-headline gb-headline-d11dd8ee secondary-font gb-headline-text loop-title loop-title-only\"><a href=\"https:\/\/econostrum.info\/suisse\/jamais-les-suisses-argent-epargner\/\">Jamais les Suisses n\u2019avaient dispos\u00e9 d\u2019autant d\u2019argent pour \u00e9pargner\u00a0<\/a><\/h3>\n<\/article>\n<\/div><\/div>\n\n<div class=\"gb-grid-column gb-grid-column-665d1c02 gb-query-loop-item post-113980 post type-post status-publish format-standard has-post-thumbnail hentry category-banque category-emploi\"><div class=\"gb-container gb-container-665d1c02\">\n<article class=\"gb-container gb-container-eaa1f858\">\n<div class=\"gb-container gb-container-25f38c7f loop-title-icon\"><\/div>\n\n<h3 class=\"gb-headline gb-headline-d11dd8ee secondary-font gb-headline-text loop-title loop-title-only\"><a href=\"https:\/\/econostrum.info\/suisse\/postes-menaces-resultats-record-raiffeisen\/\">Jusqu\u2019\u00e0 180 postes menac\u00e9s malgr\u00e9 des r\u00e9sultats record chez Raiffeisen\u00a0<\/a><\/h3>\n<\/article>\n<\/div><\/div>\n\n<div class=\"gb-grid-column gb-grid-column-665d1c02 gb-query-loop-item post-113953 post type-post status-publish format-standard has-post-thumbnail hentry category-banque\"><div class=\"gb-container gb-container-665d1c02\">\n<article class=\"gb-container gb-container-eaa1f858\">\n<div class=\"gb-container gb-container-25f38c7f loop-title-icon\"><\/div>\n\n<h3 class=\"gb-headline gb-headline-d11dd8ee secondary-font gb-headline-text loop-title loop-title-only\"><a href=\"https:\/\/econostrum.info\/suisse\/reseau-pour-payer-suisse-solution-inedite\/\">Plus besoin de r\u00e9seau pour payer ? La Suisse pr\u00e9pare une solution in\u00e9dite\u00a0<\/a><\/h3>\n<\/article>\n<\/div><\/div>\n\n<div class=\"gb-grid-column gb-grid-column-665d1c02 gb-query-loop-item post-113868 post type-post status-publish format-standard has-post-thumbnail hentry category-banque\"><div class=\"gb-container gb-container-665d1c02\">\n<article class=\"gb-container gb-container-eaa1f858\">\n<div class=\"gb-container gb-container-25f38c7f loop-title-icon\"><\/div>\n\n<h3 class=\"gb-headline gb-headline-d11dd8ee secondary-font gb-headline-text loop-title loop-title-only\"><a href=\"https:\/\/econostrum.info\/suisse\/primes-abonnements-loyerstwint-factures\/\">Primes, abonnements, loyers\u2026TWINT va bient\u00f4t payer vos factures tout seul<\/a><\/h3>\n<\/article>\n<\/div><\/div>\n\n<div class=\"gb-grid-column gb-grid-column-665d1c02 gb-query-loop-item post-113776 post type-post status-publish format-standard has-post-thumbnail hentry category-banque\"><div class=\"gb-container gb-container-665d1c02\">\n<article class=\"gb-container gb-container-eaa1f858\">\n<div class=\"gb-container gb-container-25f38c7f loop-title-icon\"><\/div>\n\n<h3 class=\"gb-headline gb-headline-d11dd8ee secondary-font gb-headline-text loop-title loop-title-only\"><a href=\"https:\/\/econostrum.info\/suisse\/faute-banque-suisse-les-dirigeants-bonus\/\">Faute dans une banque suisse ? Les dirigeants pourraient devoir rendre leurs bonus\u00a0<\/a><\/h3>\n<\/article>\n<\/div><\/div>\n\n<div class=\"gb-grid-column gb-grid-column-665d1c02 gb-query-loop-item post-113630 post type-post status-publish format-standard has-post-thumbnail hentry category-banque\"><div class=\"gb-container gb-container-665d1c02\">\n<article class=\"gb-container gb-container-eaa1f858\">\n<div class=\"gb-container gb-container-25f38c7f loop-title-icon\"><\/div>\n\n<h3 class=\"gb-headline gb-headline-d11dd8ee secondary-font gb-headline-text loop-title loop-title-only\"><a href=\"https:\/\/econostrum.info\/suisse\/comptes-dans-la-meme-banque-etude\/\">Garder tous vos comptes dans la m\u00eame banque peut vous co\u00fbter pr\u00e8s de 1 000 francs par an, selon cette \u00e9tude<\/a><\/h3>\n<\/article>\n<\/div><\/div>\n\n<div class=\"gb-grid-column gb-grid-column-665d1c02 gb-query-loop-item post-113609 post type-post status-publish format-standard has-post-thumbnail hentry category-banque\"><div class=\"gb-container gb-container-665d1c02\">\n<article class=\"gb-container gb-container-eaa1f858\">\n<div class=\"gb-container gb-container-25f38c7f loop-title-icon\"><\/div>\n\n<h3 class=\"gb-headline gb-headline-d11dd8ee secondary-font gb-headline-text loop-title loop-title-only\"><a href=\"https:\/\/econostrum.info\/suisse\/benefice-pour-la-bns-milliards-suisse\/\">25 milliards de b\u00e9n\u00e9fice pour la BNS : la machine \u00e0 milliards suisse tourne \u00e0 plein r\u00e9gime, mais tout n\u2019est pas rose<\/a><\/h3>\n<\/article>\n<\/div><\/div>\n<\/div>\n\n<\/div>\n<\/div>\n\n<div class=\"gb-container gb-container-f0a375d1\">\n\n<a class=\"gb-button gb-button-58a4606a\" href=\"https:\/\/econostrum.info\/suisse\/epargne\/\"><span class=\"gb-button-text\">Tout voir<\/span><span class=\"gb-icon\"><svg aria-hidden=\"true\" role=\"img\" height=\"1em\" width=\"1em\" viewBox=\"0 0 256 512\" xmlns=\"http:\/\/www.w3.org\/2000\/svg\"><path fill=\"currentColor\" d=\"M224.3 273l-136 136c-9.4 9.4-24.6 9.4-33.9 0l-22.6-22.6c-9.4-9.4-9.4-24.6 0-33.9l96.4-96.4-96.4-96.4c-9.4-9.4-9.4-24.6 0-33.9L54.3 103c9.4-9.4 24.6-9.4 33.9 0l136 136c9.5 9.4 9.5 24.6.1 34z\"><\/path><\/svg><\/span><\/a>\n\n<\/div>\n<\/div>\n<\/div>\n\n<div class=\"gb-container gb-container-76f82684\">\n<div class=\"gb-container gb-container-0e6215ad\">\n<div class=\"gb-container gb-container-34ef7043\">\n<div class=\"gb-container gb-container-3f3af675\">\n<div class=\"gb-container gb-container-a77f06e4\">\n<div class=\"gb-container gb-container-6493bf6b\"><\/div>\n\n\n<h2 class=\"gb-headline gb-headline-8d7e18fd gb-headline-text\"><strong><strong>Pr\u00e9visions et alertes m\u00e9t\u00e9o<\/strong><\/strong><\/h2>\n\n\n<div class=\"gb-container gb-container-850384c1\">\n\n<div class=\"gb-grid-wrapper gb-grid-wrapper-b8a9068d gb-query-loop-wrapper\">\n<div class=\"gb-grid-column gb-grid-column-c46f6443 gb-query-loop-item post-114052 post type-post status-publish format-standard has-post-thumbnail hentry category-meteo\"><div class=\"gb-container gb-container-c46f6443\">\n<div class=\"gb-container gb-container-650332c7 thumb-media\">\n<div class=\"gb-container gb-container-3aba3f94\">\n<figure class=\"gb-block-image gb-block-image-e02c4653\"><img decoding=\"async\" width=\"380\" height=\"230\" src=\"https:\/\/econostrum.info\/suisse\/wp-content\/uploads\/sites\/8\/2026\/08\/chaleur-8-380x230.jpg\" class=\"gb-image-e02c4653  loop-image loop-media-image\" alt=\"chaleur\" srcset=\"https:\/\/econostrum.info\/suisse\/wp-content\/uploads\/sites\/8\/2026\/08\/chaleur-8-380x230.jpg 380w, https:\/\/econostrum.info\/suisse\/wp-content\/uploads\/sites\/8\/2026\/08\/chaleur-8-1200x727.jpg 1200w, https:\/\/econostrum.info\/suisse\/wp-content\/uploads\/sites\/8\/2026\/08\/chaleur-8-520x315.jpg 520w, https:\/\/econostrum.info\/suisse\/wp-content\/uploads\/sites\/8\/2026\/08\/chaleur-8-1536x931.jpg 1536w, https:\/\/econostrum.info\/suisse\/wp-content\/uploads\/sites\/8\/2026\/08\/chaleur-8.jpg 1980w\" sizes=\"(max-width: 380px) 100vw, 380px\" title=\"\"><\/figure>\n<\/div>\n\n<div class=\"gb-container gb-container-c640245c fil-info-title\">\n<h3 class=\"gb-headline gb-headline-6a5c2917 gb-headline-text loop-title\"><a href=\"https:\/\/econostrum.info\/suisse\/chaleur-saccroche-a-la-suisse-septembre\/\">La chaleur s\u2019accroche \u00e0 la Suisse m\u00eame en septembre et la suite pourrait r\u00e9server une sacr\u00e9e surprise\u00a0<\/a><\/h3>\n<\/div>\n<\/div>\n<\/div><\/div>\n\n<div class=\"gb-grid-column gb-grid-column-c46f6443 gb-query-loop-item post-114024 post type-post status-publish format-standard has-post-thumbnail hentry category-economie category-meteo\"><div class=\"gb-container gb-container-c46f6443\">\n<div class=\"gb-container gb-container-650332c7 thumb-media\">\n<div class=\"gb-container gb-container-3aba3f94\">\n<figure class=\"gb-block-image gb-block-image-e02c4653\"><img decoding=\"async\" width=\"380\" height=\"230\" src=\"https:\/\/econostrum.info\/suisse\/wp-content\/uploads\/sites\/8\/2026\/08\/grele-380x230.jpg\" class=\"gb-image-e02c4653  loop-image loop-media-image\" alt=\"grele\" srcset=\"https:\/\/econostrum.info\/suisse\/wp-content\/uploads\/sites\/8\/2026\/08\/grele-380x230.jpg 380w, https:\/\/econostrum.info\/suisse\/wp-content\/uploads\/sites\/8\/2026\/08\/grele-1200x727.jpg 1200w, https:\/\/econostrum.info\/suisse\/wp-content\/uploads\/sites\/8\/2026\/08\/grele-520x315.jpg 520w, https:\/\/econostrum.info\/suisse\/wp-content\/uploads\/sites\/8\/2026\/08\/grele-1536x931.jpg 1536w, https:\/\/econostrum.info\/suisse\/wp-content\/uploads\/sites\/8\/2026\/08\/grele.jpg 1980w\" sizes=\"(max-width: 380px) 100vw, 380px\" title=\"\"><\/figure>\n<\/div>\n\n<div class=\"gb-container gb-container-c640245c fil-info-title\">\n<h3 class=\"gb-headline gb-headline-6a5c2917 gb-headline-text loop-title\"><a href=\"https:\/\/econostrum.info\/suisse\/voitures-de-luxe-grele-suisse\/\">Ces voitures de luxe sont vendues une bouch\u00e9e de pain apr\u00e8s la gr\u00eale qui a frapp\u00e9 la Suisse\u00a0<\/a><\/h3>\n<\/div>\n<\/div>\n<\/div><\/div>\n<\/div>\n\n\n<div class=\"gb-container gb-container-94055980\">\n\n<a class=\"gb-button gb-button-0a3d8e6c\" href=\"https:\/\/econostrum.info\/suisse\/meteo\/\"><span class=\"gb-button-text\">Tout voir<\/span><span class=\"gb-icon\"><svg aria-hidden=\"true\" role=\"img\" height=\"1em\" width=\"1em\" viewBox=\"0 0 256 512\" xmlns=\"http:\/\/www.w3.org\/2000\/svg\"><path fill=\"currentColor\" d=\"M224.3 273l-136 136c-9.4 9.4-24.6 9.4-33.9 0l-22.6-22.6c-9.4-9.4-9.4-24.6 0-33.9l96.4-96.4-96.4-96.4c-9.4-9.4-9.4-24.6 0-33.9L54.3 103c9.4-9.4 24.6-9.4 33.9 0l136 136c9.5 9.4 9.5 24.6.1 34z\"><\/path><\/svg><\/span><\/a>\n\n<\/div>\n<\/div>\n<\/div>\n<\/div>\n\n<div class=\"gb-container gb-container-6debc956\">\n\n<h2 class=\"gb-headline gb-headline-4fbd06a2 gb-headline-text category-title\">Fiscalit\u00e9<\/h2>\n\n\n\n<div class=\"gb-grid-wrapper gb-grid-wrapper-42ce2e81 gb-query-loop-wrapper\">\n<div class=\"gb-grid-column gb-grid-column-9dbe4dee gb-query-loop-item post-113937 post type-post status-publish format-standard has-post-thumbnail hentry category-fiscalite category-retraite\"><div class=\"gb-container gb-container-9dbe4dee\">\n<div class=\"gb-container gb-container-cd652c7c thumb-media\">\n<div class=\"gb-container gb-container-f1356e14\">\n<figure class=\"gb-block-image gb-block-image-1f5426d9\"><img decoding=\"async\" width=\"380\" height=\"230\" src=\"https:\/\/econostrum.info\/suisse\/wp-content\/uploads\/sites\/8\/2026\/08\/avs-3-380x230.jpg\" class=\"gb-image-1f5426d9  loop-image loop-media-image\" alt=\"avs\" srcset=\"https:\/\/econostrum.info\/suisse\/wp-content\/uploads\/sites\/8\/2026\/08\/avs-3-380x230.jpg 380w, https:\/\/econostrum.info\/suisse\/wp-content\/uploads\/sites\/8\/2026\/08\/avs-3-1200x727.jpg 1200w, https:\/\/econostrum.info\/suisse\/wp-content\/uploads\/sites\/8\/2026\/08\/avs-3-520x315.jpg 520w, https:\/\/econostrum.info\/suisse\/wp-content\/uploads\/sites\/8\/2026\/08\/avs-3-1536x931.jpg 1536w, https:\/\/econostrum.info\/suisse\/wp-content\/uploads\/sites\/8\/2026\/08\/avs-3.jpg 1980w\" sizes=\"(max-width: 380px) 100vw, 380px\" title=\"\"><\/figure>\n<\/div>\n\n<div class=\"gb-container gb-container-909f7ca4 fil-info-title\">\n<div class=\"gb-headline gb-headline-44c1aa46 gb-headline-text category-link fil-info-category\"><span class=\"post-term-item term-fiscalite\"><a href=\"https:\/\/econostrum.info\/suisse\/fiscalite\/\">Fiscalit\u00e9<\/a><\/span><span class=\"post-term-item term-retraite\"><a href=\"https:\/\/econostrum.info\/suisse\/retraite\/\">Retraite<\/a><\/span><\/div>\n\n<h3 class=\"gb-headline gb-headline-a9b5e4b9 gb-headline-text loop-title loop-title-media\"><a href=\"https:\/\/econostrum.info\/suisse\/13e-rente-avs-hausse-de-tva-menages-suisses\/\">13e rente AVS : voici combien la hausse de TVA pourrait co\u00fbter aux m\u00e9nages suisses<\/a><\/h3>\n<\/div>\n<\/div>\n<\/div><\/div>\n\n<div class=\"gb-grid-column gb-grid-column-9dbe4dee gb-query-loop-item post-113886 post type-post status-publish format-standard has-post-thumbnail hentry category-fiscalite\"><div class=\"gb-container gb-container-9dbe4dee\">\n<div class=\"gb-container gb-container-cd652c7c thumb-media\">\n<div class=\"gb-container gb-container-f1356e14\">\n<figure class=\"gb-block-image gb-block-image-1f5426d9\"><img decoding=\"async\" width=\"380\" height=\"230\" src=\"https:\/\/econostrum.info\/suisse\/wp-content\/uploads\/sites\/8\/2026\/08\/imposition-380x230.jpg\" class=\"gb-image-1f5426d9  loop-image loop-media-image\" alt=\"imposition\" srcset=\"https:\/\/econostrum.info\/suisse\/wp-content\/uploads\/sites\/8\/2026\/08\/imposition-380x230.jpg 380w, https:\/\/econostrum.info\/suisse\/wp-content\/uploads\/sites\/8\/2026\/08\/imposition-1200x727.jpg 1200w, https:\/\/econostrum.info\/suisse\/wp-content\/uploads\/sites\/8\/2026\/08\/imposition-520x315.jpg 520w, https:\/\/econostrum.info\/suisse\/wp-content\/uploads\/sites\/8\/2026\/08\/imposition-1536x931.jpg 1536w, https:\/\/econostrum.info\/suisse\/wp-content\/uploads\/sites\/8\/2026\/08\/imposition.jpg 1980w\" sizes=\"(max-width: 380px) 100vw, 380px\" title=\"\"><\/figure>\n<\/div>\n\n<div class=\"gb-container gb-container-909f7ca4 fil-info-title\">\n<div class=\"gb-headline gb-headline-44c1aa46 gb-headline-text category-link fil-info-category\"><span class=\"post-term-item term-fiscalite\"><a href=\"https:\/\/econostrum.info\/suisse\/fiscalite\/\">Fiscalit\u00e9<\/a><\/span><\/div>\n\n<h3 class=\"gb-headline gb-headline-a9b5e4b9 gb-headline-text loop-title loop-title-media\"><a href=\"https:\/\/econostrum.info\/suisse\/imposition-individuelle-couples-maries\/\">Imposition individuelle : les couples mari\u00e9s devront patienter jusqu\u2019en 2032\u00a0<\/a><\/h3>\n<\/div>\n<\/div>\n<\/div><\/div>\n\n<div class=\"gb-grid-column gb-grid-column-9dbe4dee gb-query-loop-item post-113882 post type-post status-publish format-standard has-post-thumbnail hentry category-fiscalite\"><div class=\"gb-container gb-container-9dbe4dee\">\n<div class=\"gb-container gb-container-cd652c7c thumb-media\">\n<div class=\"gb-container gb-container-f1356e14\">\n<figure class=\"gb-block-image gb-block-image-1f5426d9\"><img decoding=\"async\" width=\"380\" height=\"230\" src=\"https:\/\/econostrum.info\/suisse\/wp-content\/uploads\/sites\/8\/2026\/08\/entreprise-5-380x230.jpg\" class=\"gb-image-1f5426d9  loop-image loop-media-image\" alt=\"entreprise\" srcset=\"https:\/\/econostrum.info\/suisse\/wp-content\/uploads\/sites\/8\/2026\/08\/entreprise-5-380x230.jpg 380w, https:\/\/econostrum.info\/suisse\/wp-content\/uploads\/sites\/8\/2026\/08\/entreprise-5-1200x727.jpg 1200w, https:\/\/econostrum.info\/suisse\/wp-content\/uploads\/sites\/8\/2026\/08\/entreprise-5-520x315.jpg 520w, https:\/\/econostrum.info\/suisse\/wp-content\/uploads\/sites\/8\/2026\/08\/entreprise-5-1536x931.jpg 1536w, https:\/\/econostrum.info\/suisse\/wp-content\/uploads\/sites\/8\/2026\/08\/entreprise-5.jpg 1980w\" sizes=\"(max-width: 380px) 100vw, 380px\" title=\"\"><\/figure>\n<\/div>\n\n<div class=\"gb-container gb-container-909f7ca4 fil-info-title\">\n<div class=\"gb-headline gb-headline-44c1aa46 gb-headline-text category-link fil-info-category\"><span class=\"post-term-item term-fiscalite\"><a href=\"https:\/\/econostrum.info\/suisse\/fiscalite\/\">Fiscalit\u00e9<\/a><\/span><\/div>\n\n<h3 class=\"gb-headline gb-headline-a9b5e4b9 gb-headline-text loop-title loop-title-media\"><a href=\"https:\/\/econostrum.info\/suisse\/entreprises-impots-confederation\/\">Les entreprises rapportent d\u00e9sormais plus d\u2019imp\u00f4ts \u00e0 la Conf\u00e9d\u00e9ration que les particuliers<\/a><\/h3>\n<\/div>\n<\/div>\n<\/div><\/div>\n\n<div class=\"gb-grid-column gb-grid-column-9dbe4dee gb-query-loop-item post-113680 post type-post status-publish format-standard has-post-thumbnail hentry category-fiscalite\"><div class=\"gb-container gb-container-9dbe4dee\">\n<div class=\"gb-container gb-container-cd652c7c thumb-media\">\n<div class=\"gb-container gb-container-f1356e14\">\n<figure class=\"gb-block-image gb-block-image-1f5426d9\"><img decoding=\"async\" width=\"380\" height=\"230\" src=\"https:\/\/econostrum.info\/suisse\/wp-content\/uploads\/sites\/8\/2026\/08\/declaration-380x230.jpg\" class=\"gb-image-1f5426d9  loop-image loop-media-image\" alt=\"femmes\" srcset=\"https:\/\/econostrum.info\/suisse\/wp-content\/uploads\/sites\/8\/2026\/08\/declaration-380x230.jpg 380w, https:\/\/econostrum.info\/suisse\/wp-content\/uploads\/sites\/8\/2026\/08\/declaration-1200x727.jpg 1200w, https:\/\/econostrum.info\/suisse\/wp-content\/uploads\/sites\/8\/2026\/08\/declaration-520x315.jpg 520w, https:\/\/econostrum.info\/suisse\/wp-content\/uploads\/sites\/8\/2026\/08\/declaration-1536x931.jpg 1536w, https:\/\/econostrum.info\/suisse\/wp-content\/uploads\/sites\/8\/2026\/08\/declaration.jpg 1980w\" sizes=\"(max-width: 380px) 100vw, 380px\" title=\"\"><\/figure>\n<\/div>\n\n<div class=\"gb-container gb-container-909f7ca4 fil-info-title\">\n<div class=\"gb-headline gb-headline-44c1aa46 gb-headline-text category-link fil-info-category\"><span class=\"post-term-item term-fiscalite\"><a href=\"https:\/\/econostrum.info\/suisse\/fiscalite\/\">Fiscalit\u00e9<\/a><\/span><\/div>\n\n<h3 class=\"gb-headline gb-headline-a9b5e4b9 gb-headline-text loop-title loop-title-media\"><a href=\"https:\/\/econostrum.info\/suisse\/declaration-fiscale-retard-cantons\/\">D\u00e9claration fiscale en retard : ces cantons transforment les d\u00e9lais en jackpot aux d\u00e9pens des contribuables\u00a0<\/a><\/h3>\n<\/div>\n<\/div>\n<\/div><\/div>\n\n<div class=\"gb-grid-column gb-grid-column-9dbe4dee gb-query-loop-item post-113668 post type-post status-publish format-standard has-post-thumbnail hentry category-fiscalite\"><div class=\"gb-container gb-container-9dbe4dee\">\n<div class=\"gb-container gb-container-cd652c7c thumb-media\">\n<div class=\"gb-container gb-container-f1356e14\">\n<figure class=\"gb-block-image gb-block-image-1f5426d9\"><img decoding=\"async\" width=\"380\" height=\"230\" src=\"https:\/\/econostrum.info\/suisse\/wp-content\/uploads\/sites\/8\/2026\/08\/milliard-380x230.jpg\" class=\"gb-image-1f5426d9  loop-image loop-media-image\" alt=\"milliard\" srcset=\"https:\/\/econostrum.info\/suisse\/wp-content\/uploads\/sites\/8\/2026\/08\/milliard-380x230.jpg 380w, https:\/\/econostrum.info\/suisse\/wp-content\/uploads\/sites\/8\/2026\/08\/milliard-1200x727.jpg 1200w, https:\/\/econostrum.info\/suisse\/wp-content\/uploads\/sites\/8\/2026\/08\/milliard-520x315.jpg 520w, https:\/\/econostrum.info\/suisse\/wp-content\/uploads\/sites\/8\/2026\/08\/milliard-1536x931.jpg 1536w, https:\/\/econostrum.info\/suisse\/wp-content\/uploads\/sites\/8\/2026\/08\/milliard.jpg 1980w\" sizes=\"(max-width: 380px) 100vw, 380px\" title=\"\"><\/figure>\n<\/div>\n\n<div class=\"gb-container gb-container-909f7ca4 fil-info-title\">\n<div class=\"gb-headline gb-headline-44c1aa46 gb-headline-text category-link fil-info-category\"><span class=\"post-term-item term-fiscalite\"><a href=\"https:\/\/econostrum.info\/suisse\/fiscalite\/\">Fiscalit\u00e9<\/a><\/span><\/div>\n\n<h3 class=\"gb-headline gb-headline-a9b5e4b9 gb-headline-text loop-title loop-title-media\"><a href=\"https:\/\/econostrum.info\/suisse\/milliards-impots-les-citoyens-suisses-urnes\/\">Ces milliards d&rsquo;imp\u00f4ts que les citoyens suisses paient sans passer par les urnes\u00a0<\/a><\/h3>\n<\/div>\n<\/div>\n<\/div><\/div>\n\n<div class=\"gb-grid-column gb-grid-column-9dbe4dee gb-query-loop-item post-113622 post type-post status-publish format-standard has-post-thumbnail hentry category-fiscalite\"><div class=\"gb-container gb-container-9dbe4dee\">\n<div class=\"gb-container gb-container-cd652c7c thumb-media\">\n<div class=\"gb-container gb-container-f1356e14\">\n<figure class=\"gb-block-image gb-block-image-1f5426d9\"><img decoding=\"async\" width=\"380\" height=\"230\" src=\"https:\/\/econostrum.info\/suisse\/wp-content\/uploads\/sites\/8\/2026\/08\/Milliards-380x230.jpg\" class=\"gb-image-1f5426d9  loop-image loop-media-image\" alt=\"Milliards\" srcset=\"https:\/\/econostrum.info\/suisse\/wp-content\/uploads\/sites\/8\/2026\/08\/Milliards-380x230.jpg 380w, https:\/\/econostrum.info\/suisse\/wp-content\/uploads\/sites\/8\/2026\/08\/Milliards-1200x727.jpg 1200w, https:\/\/econostrum.info\/suisse\/wp-content\/uploads\/sites\/8\/2026\/08\/Milliards-520x315.jpg 520w, https:\/\/econostrum.info\/suisse\/wp-content\/uploads\/sites\/8\/2026\/08\/Milliards-1536x931.jpg 1536w, https:\/\/econostrum.info\/suisse\/wp-content\/uploads\/sites\/8\/2026\/08\/Milliards.jpg 1980w\" sizes=\"(max-width: 380px) 100vw, 380px\" title=\"\"><\/figure>\n<\/div>\n\n<div class=\"gb-container gb-container-909f7ca4 fil-info-title\">\n<div class=\"gb-headline gb-headline-44c1aa46 gb-headline-text category-link fil-info-category\"><span class=\"post-term-item term-fiscalite\"><a href=\"https:\/\/econostrum.info\/suisse\/fiscalite\/\">Fiscalit\u00e9<\/a><\/span><\/div>\n\n<h3 class=\"gb-headline gb-headline-a9b5e4b9 gb-headline-text loop-title loop-title-media\"><a href=\"https:\/\/econostrum.info\/suisse\/milliards-a-berne-facture-securite-suisses\/\">Le grand conflit des milliards \u00e0 Berne : la facture de la s\u00e9curit\u00e9 pourrait revenir aux Suisses\u00a0<\/a><\/h3>\n<\/div>\n<\/div>\n<\/div><\/div>\n<\/div>\n\n\n<div class=\"gb-container gb-container-1d2eaeb3\">\n\n<a class=\"gb-button gb-button-33c34576\" href=\"https:\/\/econostrum.info\/suisse\/fiscalite\/\"><span class=\"gb-button-text\">Tout voir<\/span><span class=\"gb-icon\"><svg aria-hidden=\"true\" role=\"img\" height=\"1em\" width=\"1em\" viewBox=\"0 0 256 512\" xmlns=\"http:\/\/www.w3.org\/2000\/svg\"><path fill=\"currentColor\" d=\"M224.3 273l-136 136c-9.4 9.4-24.6 9.4-33.9 0l-22.6-22.6c-9.4-9.4-9.4-24.6 0-33.9l96.4-96.4-96.4-96.4c-9.4-9.4-9.4-24.6 0-33.9L54.3 103c9.4-9.4 24.6-9.4 33.9 0l136 136c9.5 9.4 9.5 24.6.1 34z\"><\/path><\/svg><\/span><\/a>\n\n<\/div>\n<\/div>\n<\/div>\n<\/div>\n<\/div>\n\n<div class=\"gb-container gb-container-6e3033df\">\n<div class=\"gb-container gb-container-430ac5f6\">\n\n<h2 class=\"gb-headline gb-headline-3b5af22d gb-headline-text\">Retraite<\/h2>\n\n\n<div class=\"gb-container gb-container-7ccc6cdd\">\n<div class=\"gb-container gb-container-bf819a26\">\n\n<div class=\"gb-grid-wrapper gb-grid-wrapper-b834a1ff gb-query-loop-wrapper\">\n<div class=\"gb-grid-column gb-grid-column-9d897bad gb-query-loop-item post-114030 post type-post status-publish format-standard has-post-thumbnail hentry category-retraite\"><div class=\"gb-container gb-container-9d897bad\">\n<div class=\"gb-container gb-container-be5c947a\">\n<figure class=\"gb-block-image gb-block-image-24faefa0\"><img decoding=\"async\" width=\"380\" height=\"230\" src=\"https:\/\/econostrum.info\/suisse\/wp-content\/uploads\/sites\/8\/2026\/08\/retraite-13-380x230.jpg\" class=\"gb-image-24faefa0  loop-image\" alt=\"retraite\" srcset=\"https:\/\/econostrum.info\/suisse\/wp-content\/uploads\/sites\/8\/2026\/08\/retraite-13-380x230.jpg 380w, https:\/\/econostrum.info\/suisse\/wp-content\/uploads\/sites\/8\/2026\/08\/retraite-13-1200x727.jpg 1200w, https:\/\/econostrum.info\/suisse\/wp-content\/uploads\/sites\/8\/2026\/08\/retraite-13-520x315.jpg 520w, https:\/\/econostrum.info\/suisse\/wp-content\/uploads\/sites\/8\/2026\/08\/retraite-13-1536x931.jpg 1536w, https:\/\/econostrum.info\/suisse\/wp-content\/uploads\/sites\/8\/2026\/08\/retraite-13.jpg 1980w\" sizes=\"(max-width: 380px) 100vw, 380px\" title=\"\"><\/figure>\n\n<div class=\"gb-container gb-container-8976dced\">\n<div class=\"gb-headline gb-headline-2095780a gb-headline-text category-link\"><span class=\"post-term-item term-retraite\"><a href=\"https:\/\/econostrum.info\/suisse\/retraite\/\">Retraite<\/a><\/span><\/div>\n\n<h2 class=\"gb-headline gb-headline-8303c19a gb-headline-text loop-title loop-title-standard\"><a href=\"https:\/\/econostrum.info\/suisse\/retraite-suisse-patrimoine-travailler\/\">Retraite \u00e0 55 ans en Suisse : quel patrimoine faut-il vraiment pour arr\u00eater de travailler plus t\u00f4t ?<\/a><\/h2>\n<\/div>\n\n<div class=\"gb-container gb-container-f47440c0\">\n<div style=\"font-size:13px;font-style:normal;font-weight:500;text-transform:none;\" class=\"has-link-color wp-elements-bd457617c860fa4627fa3d81d99d51dd wp-block-post-author-name has-text-color has-secondary-color-color\">Nora T.<\/div>\n\n<p class=\"gb-headline gb-headline-94216922\"><span class=\"gb-icon\"><svg aria-hidden=\"true\" role=\"img\" height=\"1em\" width=\"1em\" viewbox=\"0 0 512 512\" xmlns=\"https:\/\/www.w3.org\/2000\/svg\"><path fill=\"currentColor\" d=\"M256 8C119 8 8 119 8 256s111 248 248 248 248-111 248-248S393 8 256 8zm0 448c-110.5 0-200-89.5-200-200S145.5 56 256 56s200 89.5 200 200-89.5 200-200 200zm61.8-104.4l-84.9-61.7c-3.1-2.3-4.9-5.9-4.9-9.7V116c0-6.6 5.4-12 12-12h32c6.6 0 12 5.4 12 12v141.7l66.8 48.6c5.4 3.9 6.5 11.4 2.6 16.8L334.6 349c-3.9 5.3-11.4 6.5-16.8 2.6z\"><\/path><\/svg><\/span><span class=\"gb-headline-text\"><time class=\"entry-date published\" datetime=\"2026-08-31T08:04:00+02:00\">31 ao\u00fbt 2026<\/time><\/span><\/p>\n<\/div>\n<\/div>\n<\/div><\/div>\n<\/div>\n\n<\/div>\n\n<div class=\"gb-container gb-container-90dc3ad1\">\n\n<div class=\"gb-grid-wrapper gb-grid-wrapper-c59df8c1 gb-query-loop-wrapper\">\n<div class=\"gb-grid-column gb-grid-column-896d0143 gb-query-loop-item post-114030 post type-post status-publish format-standard has-post-thumbnail hentry category-retraite\"><div class=\"gb-container gb-container-896d0143\">\n<article class=\"gb-container gb-container-6c833c1b\">\n<div class=\"gb-container gb-container-efd717db loop-title-icon\"><\/div>\n\n<h3 class=\"gb-headline gb-headline-531d69fe secondary-font gb-headline-text loop-title loop-title-only\"><a href=\"https:\/\/econostrum.info\/suisse\/retraite-suisse-patrimoine-travailler\/\">Retraite \u00e0 55 ans en Suisse : quel patrimoine faut-il vraiment pour arr\u00eater de travailler plus t\u00f4t ?<\/a><\/h3>\n<\/article>\n<\/div><\/div>\n\n<div class=\"gb-grid-column gb-grid-column-896d0143 gb-query-loop-item post-113937 post type-post status-publish format-standard has-post-thumbnail hentry category-fiscalite category-retraite\"><div class=\"gb-container gb-container-896d0143\">\n<article class=\"gb-container gb-container-6c833c1b\">\n<div class=\"gb-container gb-container-efd717db loop-title-icon\"><\/div>\n\n<h3 class=\"gb-headline gb-headline-531d69fe secondary-font gb-headline-text loop-title loop-title-only\"><a href=\"https:\/\/econostrum.info\/suisse\/13e-rente-avs-hausse-de-tva-menages-suisses\/\">13e rente AVS : voici combien la hausse de TVA pourrait co\u00fbter aux m\u00e9nages suisses<\/a><\/h3>\n<\/article>\n<\/div><\/div>\n\n<div class=\"gb-grid-column gb-grid-column-896d0143 gb-query-loop-item post-113446 post type-post status-publish format-standard has-post-thumbnail hentry category-retraite\"><div class=\"gb-container gb-container-896d0143\">\n<article class=\"gb-container gb-container-6c833c1b\">\n<div class=\"gb-container gb-container-efd717db loop-title-icon\"><\/div>\n\n<h3 class=\"gb-headline gb-headline-531d69fe secondary-font gb-headline-text loop-title loop-title-only\"><a href=\"https:\/\/econostrum.info\/suisse\/retraite-revee-suisse-seniors-etranger\/\">La retraite r\u00eav\u00e9e n\u2019est plus en Suisse : ces seniors partent chercher une vie moins ch\u00e8re \u00e0 l\u2019\u00e9tranger<\/a><\/h3>\n<\/article>\n<\/div><\/div>\n\n<div class=\"gb-grid-column gb-grid-column-896d0143 gb-query-loop-item post-113116 post type-post status-publish format-standard has-post-thumbnail hentry category-retraite\"><div class=\"gb-container gb-container-896d0143\">\n<article class=\"gb-container gb-container-6c833c1b\">\n<div class=\"gb-container gb-container-efd717db loop-title-icon\"><\/div>\n\n<h3 class=\"gb-headline gb-headline-531d69fe secondary-font gb-headline-text loop-title loop-title-only\"><a href=\"https:\/\/econostrum.info\/suisse\/changer-emploi-peperdre-retraite\/\">Changer d\u2019emploi avant d\u00e9cembre peut vous faire perdre plus de 10\u2019000 francs \u00e0 la retraite<\/a><\/h3>\n<\/article>\n<\/div><\/div>\n\n<div class=\"gb-grid-column gb-grid-column-896d0143 gb-query-loop-item post-112969 post type-post status-publish format-standard has-post-thumbnail hentry category-retraite\"><div class=\"gb-container gb-container-896d0143\">\n<article class=\"gb-container gb-container-6c833c1b\">\n<div class=\"gb-container gb-container-efd717db loop-title-icon\"><\/div>\n\n<h3 class=\"gb-headline gb-headline-531d69fe secondary-font gb-headline-text loop-title loop-title-only\"><a href=\"https:\/\/econostrum.info\/suisse\/13e-rente-avs-franchit-une-etape-cle\/\">La 13e rente AVS franchit une \u00e9tape cl\u00e9, mais tout n\u2019est pas encore jou\u00e9\u00a0<\/a><\/h3>\n<\/article>\n<\/div><\/div>\n\n<div class=\"gb-grid-column gb-grid-column-896d0143 gb-query-loop-item post-112786 post type-post status-publish format-standard has-post-thumbnail hentry category-retraite category-fiscalite\"><div class=\"gb-container gb-container-896d0143\">\n<article class=\"gb-container gb-container-6c833c1b\">\n<div class=\"gb-container gb-container-efd717db loop-title-icon\"><\/div>\n\n<h3 class=\"gb-headline gb-headline-531d69fe secondary-font gb-headline-text loop-title loop-title-only\"><a href=\"https:\/\/econostrum.info\/suisse\/financement-avs-la-hausse-rentes-suisse\/\">Financement de l\u2019AVS : la hausse des rentes en Suisse avance avec un plan qui r\u00e9partit la facture<\/a><\/h3>\n<\/article>\n<\/div><\/div>\n\n<div class=\"gb-grid-column gb-grid-column-896d0143 gb-query-loop-item post-112626 post type-post status-publish format-standard has-post-thumbnail hentry category-fiscalite category-retraite\"><div class=\"gb-container gb-container-896d0143\">\n<article class=\"gb-container gb-container-6c833c1b\">\n<div class=\"gb-container gb-container-efd717db loop-title-icon\"><\/div>\n\n<h3 class=\"gb-headline gb-headline-531d69fe secondary-font gb-headline-text loop-title loop-title-only\"><a href=\"https:\/\/econostrum.info\/suisse\/tva-national-hausse-temporaire-rente-avs\/\">Augmentation de la TVA : Le national approuve une hausse temporaire de 0,5 % pour financer la 13e rente AVS<\/a><\/h3>\n<\/article>\n<\/div><\/div>\n\n<div class=\"gb-grid-column gb-grid-column-896d0143 gb-query-loop-item post-112449 post type-post status-publish format-standard has-post-thumbnail hentry category-retraite\"><div class=\"gb-container gb-container-896d0143\">\n<article class=\"gb-container gb-container-6c833c1b\">\n<div class=\"gb-container gb-container-efd717db loop-title-icon\"><\/div>\n\n<h3 class=\"gb-headline gb-headline-531d69fe secondary-font gb-headline-text loop-title loop-title-only\"><a href=\"https:\/\/econostrum.info\/suisse\/avs-atteint-nouveau-record-rentes-versees\/\">L\u2019AVS atteint un nouveau record avec 2,64 millions de rentes vers\u00e9es en une seule ann\u00e9e\u00a0<\/a><\/h3>\n<\/article>\n<\/div><\/div>\n<\/div>\n\n<\/div>\n<\/div>\n\n<div class=\"gb-container gb-container-0fd6cafd\">\n\n<a class=\"gb-button gb-button-15c22573\" href=\"https:\/\/econostrum.info\/suisse\/retraite\/\"><span class=\"gb-button-text\">Tout voir<\/span><span class=\"gb-icon\"><svg aria-hidden=\"true\" role=\"img\" height=\"1em\" width=\"1em\" viewBox=\"0 0 256 512\" xmlns=\"http:\/\/www.w3.org\/2000\/svg\"><path fill=\"currentColor\" d=\"M224.3 273l-136 136c-9.4 9.4-24.6 9.4-33.9 0l-22.6-22.6c-9.4-9.4-9.4-24.6 0-33.9l96.4-96.4-96.4-96.4c-9.4-9.4-9.4-24.6 0-33.9L54.3 103c9.4-9.4 24.6-9.4 33.9 0l136 136c9.5 9.4 9.5 24.6.1 34z\"><\/path><\/svg><\/span><\/a>\n\n<\/div>\n<\/div>\n<\/div>\n\n<div class=\"gb-container gb-container-1149c946\">\n<div class=\"gb-container gb-container-5de9bdef\">\n\n<h2 class=\"gb-headline gb-headline-e44dde93 gb-headline-text category-title\">Emploi<\/h2>\n\n\n<div class=\"gb-container gb-container-9afea247\">\n<div class=\"gb-container gb-container-3d6cc75c\">\n\n<div class=\"gb-grid-wrapper gb-grid-wrapper-0ab56fa7 gb-query-loop-wrapper\">\n<div class=\"gb-grid-column gb-grid-column-5ef8a4f1 gb-query-loop-item post-114047 post type-post status-publish format-standard has-post-thumbnail hentry category-emploi\"><div class=\"gb-container gb-container-5ef8a4f1\">\n<div class=\"gb-container gb-container-3e2044c1 thumb-image\" style=\"background-image: url(https:\/\/econostrum.info\/suisse\/wp-content\/uploads\/sites\/8\/2026\/08\/declaration.jpg);\">\n<div class=\"gb-container gb-container-31bc99c8\">\n<div class=\"gb-container gb-container-806fd878 category-link\">\n<a class=\"gb-button gb-button-451e46cb gb-button-text post-term-item post-term-emploi category-link\" href=\"https:\/\/econostrum.info\/suisse\/emploi\/\">Emploi<\/a>\n<\/div>\n\n<h2 class=\"gb-headline gb-headline-bb880bb0 gb-headline-text loop-title\"><a href=\"https:\/\/econostrum.info\/suisse\/femmes-gagnent-francs-hommes-suisse\/\">Les femmes gagnent encore 640 francs de moins par mois que les hommes en Suisse\u00a0<\/a><\/h2>\n\n<div class=\"gb-container gb-container-76b49629\"><\/div>\n\n<div class=\"gb-container gb-container-4c97e246\">\n<div style=\"font-size:13px;font-style:normal;font-weight:500;text-transform:none;\" class=\"has-link-color wp-elements-3c416bcb18dbd7d8108a87fe6dd1ecc1 wp-block-post-author-name has-text-color has-base-3-color\">Nora T.<\/div>\n\n<p class=\"gb-headline gb-headline-7b847740\"><span class=\"gb-icon\"><svg aria-hidden=\"true\" role=\"img\" height=\"1em\" width=\"1em\" viewbox=\"0 0 512 512\" xmlns=\"http:\/\/www.w3.org\/2000\/svg\"><path fill=\"currentColor\" d=\"M256 8C119 8 8 119 8 256s111 248 248 248 248-111 248-248S393 8 256 8zm0 448c-110.5 0-200-89.5-200-200S145.5 56 256 56s200 89.5 200 200-89.5 200-200 200zm61.8-104.4l-84.9-61.7c-3.1-2.3-4.9-5.9-4.9-9.7V116c0-6.6 5.4-12 12-12h32c6.6 0 12 5.4 12 12v141.7l66.8 48.6c5.4 3.9 6.5 11.4 2.6 16.8L334.6 349c-3.9 5.3-11.4 6.5-16.8 2.6z\"><\/path><\/svg><\/span><span class=\"gb-headline-text\"><time class=\"entry-date published\" datetime=\"2026-09-01T10:50:00+02:00\">1 septembre 2026<\/time><\/span><\/p>\n<\/div>\n<\/div>\n<\/div>\n<\/div><\/div>\n<\/div>\n\n<\/div>\n\n<div class=\"gb-container gb-container-96b80811\">\n\n<div class=\"gb-grid-wrapper gb-grid-wrapper-b084bcdb gb-query-loop-wrapper\">\n<div class=\"gb-grid-column gb-grid-column-d84a6151 gb-query-loop-item post-114047 post type-post status-publish format-standard has-post-thumbnail hentry category-emploi\"><div class=\"gb-container gb-container-d84a6151\">\n<div class=\"gb-container gb-container-cd652c7c thumb-media\">\n<div class=\"gb-container gb-container-f1356e14\">\n<figure class=\"gb-block-image gb-block-image-1f5426d9\"><img decoding=\"async\" width=\"380\" height=\"230\" src=\"https:\/\/econostrum.info\/suisse\/wp-content\/uploads\/sites\/8\/2026\/08\/declaration-380x230.jpg\" class=\"gb-image-1f5426d9  loop-image loop-media-image\" alt=\"femmes\" srcset=\"https:\/\/econostrum.info\/suisse\/wp-content\/uploads\/sites\/8\/2026\/08\/declaration-380x230.jpg 380w, https:\/\/econostrum.info\/suisse\/wp-content\/uploads\/sites\/8\/2026\/08\/declaration-1200x727.jpg 1200w, https:\/\/econostrum.info\/suisse\/wp-content\/uploads\/sites\/8\/2026\/08\/declaration-520x315.jpg 520w, https:\/\/econostrum.info\/suisse\/wp-content\/uploads\/sites\/8\/2026\/08\/declaration-1536x931.jpg 1536w, https:\/\/econostrum.info\/suisse\/wp-content\/uploads\/sites\/8\/2026\/08\/declaration.jpg 1980w\" sizes=\"(max-width: 380px) 100vw, 380px\" title=\"\"><\/figure>\n<\/div>\n\n<div class=\"gb-container gb-container-909f7ca4 fil-info-title\">\n<div class=\"gb-headline gb-headline-44c1aa46 gb-headline-text category-link fil-info-category\"><span class=\"post-term-item term-emploi\"><a href=\"https:\/\/econostrum.info\/suisse\/emploi\/\">Emploi<\/a><\/span><\/div>\n\n<h3 class=\"gb-headline gb-headline-a9b5e4b9 gb-headline-text loop-title loop-title-media\"><a href=\"https:\/\/econostrum.info\/suisse\/femmes-gagnent-francs-hommes-suisse\/\">Les femmes gagnent encore 640 francs de moins par mois que les hommes en Suisse\u00a0<\/a><\/h3>\n<\/div>\n<\/div>\n<\/div><\/div>\n\n<div class=\"gb-grid-column gb-grid-column-d84a6151 gb-query-loop-item post-114020 post type-post status-publish format-standard has-post-thumbnail hentry category-emploi\"><div class=\"gb-container gb-container-d84a6151\">\n<div class=\"gb-container gb-container-cd652c7c thumb-media\">\n<div class=\"gb-container gb-container-f1356e14\">\n<figure class=\"gb-block-image gb-block-image-1f5426d9\"><img decoding=\"async\" width=\"380\" height=\"230\" src=\"https:\/\/econostrum.info\/suisse\/wp-content\/uploads\/sites\/8\/2026\/08\/suisse-2026-08-29T200527.092-380x230.jpg\" class=\"gb-image-1f5426d9  loop-image loop-media-image\" alt=\"suisse\" srcset=\"https:\/\/econostrum.info\/suisse\/wp-content\/uploads\/sites\/8\/2026\/08\/suisse-2026-08-29T200527.092-380x230.jpg 380w, https:\/\/econostrum.info\/suisse\/wp-content\/uploads\/sites\/8\/2026\/08\/suisse-2026-08-29T200527.092-1200x727.jpg 1200w, https:\/\/econostrum.info\/suisse\/wp-content\/uploads\/sites\/8\/2026\/08\/suisse-2026-08-29T200527.092-520x315.jpg 520w, https:\/\/econostrum.info\/suisse\/wp-content\/uploads\/sites\/8\/2026\/08\/suisse-2026-08-29T200527.092-1536x931.jpg 1536w, https:\/\/econostrum.info\/suisse\/wp-content\/uploads\/sites\/8\/2026\/08\/suisse-2026-08-29T200527.092.jpg 1980w\" sizes=\"(max-width: 380px) 100vw, 380px\" title=\"\"><\/figure>\n<\/div>\n\n<div class=\"gb-container gb-container-909f7ca4 fil-info-title\">\n<div class=\"gb-headline gb-headline-44c1aa46 gb-headline-text category-link fil-info-category\"><span class=\"post-term-item term-emploi\"><a href=\"https:\/\/econostrum.info\/suisse\/emploi\/\">Emploi<\/a><\/span><\/div>\n\n<h3 class=\"gb-headline gb-headline-a9b5e4b9 gb-headline-text loop-title loop-title-media\"><a href=\"https:\/\/econostrum.info\/suisse\/entreprises-bureau-jeunes-suisse\/\">Les entreprises doivent revoir leur copie : le bureau 5 jours sur 5 s\u00e9duit de moins en moins les jeunes Suisses\u00a0<\/a><\/h3>\n<\/div>\n<\/div>\n<\/div><\/div>\n\n<div class=\"gb-grid-column gb-grid-column-d84a6151 gb-query-loop-item post-114001 post type-post status-publish format-standard has-post-thumbnail hentry category-emploi\"><div class=\"gb-container gb-container-d84a6151\">\n<div class=\"gb-container gb-container-cd652c7c thumb-media\">\n<div class=\"gb-container gb-container-f1356e14\">\n<figure class=\"gb-block-image gb-block-image-1f5426d9\"><img decoding=\"async\" width=\"380\" height=\"230\" src=\"https:\/\/econostrum.info\/suisse\/wp-content\/uploads\/sites\/8\/2026\/08\/chomage-9-380x230.jpg\" class=\"gb-image-1f5426d9  loop-image loop-media-image\" alt=\"chomage\" srcset=\"https:\/\/econostrum.info\/suisse\/wp-content\/uploads\/sites\/8\/2026\/08\/chomage-9-380x230.jpg 380w, https:\/\/econostrum.info\/suisse\/wp-content\/uploads\/sites\/8\/2026\/08\/chomage-9-1200x727.jpg 1200w, https:\/\/econostrum.info\/suisse\/wp-content\/uploads\/sites\/8\/2026\/08\/chomage-9-520x315.jpg 520w, https:\/\/econostrum.info\/suisse\/wp-content\/uploads\/sites\/8\/2026\/08\/chomage-9-1536x931.jpg 1536w, https:\/\/econostrum.info\/suisse\/wp-content\/uploads\/sites\/8\/2026\/08\/chomage-9.jpg 1980w\" sizes=\"(max-width: 380px) 100vw, 380px\" title=\"\"><\/figure>\n<\/div>\n\n<div class=\"gb-container gb-container-909f7ca4 fil-info-title\">\n<div class=\"gb-headline gb-headline-44c1aa46 gb-headline-text category-link fil-info-category\"><span class=\"post-term-item term-emploi\"><a href=\"https:\/\/econostrum.info\/suisse\/emploi\/\">Emploi<\/a><\/span><\/div>\n\n<h3 class=\"gb-headline gb-headline-a9b5e4b9 gb-headline-text loop-title loop-title-media\"><a href=\"https:\/\/econostrum.info\/suisse\/chomage-des-diplomes-suisses-secteurs\/\">Le ch\u00f4mage des dipl\u00f4m\u00e9s suisses explose dans des secteurs pourtant tr\u00e8s pris\u00e9s<\/a><\/h3>\n<\/div>\n<\/div>\n<\/div><\/div>\n\n<div class=\"gb-grid-column gb-grid-column-d84a6151 gb-query-loop-item post-113980 post type-post status-publish format-standard has-post-thumbnail hentry category-banque category-emploi\"><div class=\"gb-container gb-container-d84a6151\">\n<div class=\"gb-container gb-container-cd652c7c thumb-media\">\n<div class=\"gb-container gb-container-f1356e14\">\n<figure class=\"gb-block-image gb-block-image-1f5426d9\"><img decoding=\"async\" width=\"380\" height=\"230\" src=\"https:\/\/econostrum.info\/suisse\/wp-content\/uploads\/sites\/8\/2026\/08\/raiffeisen-380x230.jpg\" class=\"gb-image-1f5426d9  loop-image loop-media-image\" alt=\"raiffeisen\" srcset=\"https:\/\/econostrum.info\/suisse\/wp-content\/uploads\/sites\/8\/2026\/08\/raiffeisen-380x230.jpg 380w, https:\/\/econostrum.info\/suisse\/wp-content\/uploads\/sites\/8\/2026\/08\/raiffeisen-1200x727.jpg 1200w, https:\/\/econostrum.info\/suisse\/wp-content\/uploads\/sites\/8\/2026\/08\/raiffeisen-520x315.jpg 520w, https:\/\/econostrum.info\/suisse\/wp-content\/uploads\/sites\/8\/2026\/08\/raiffeisen-1536x931.jpg 1536w, https:\/\/econostrum.info\/suisse\/wp-content\/uploads\/sites\/8\/2026\/08\/raiffeisen.jpg 1980w\" sizes=\"(max-width: 380px) 100vw, 380px\" title=\"\"><\/figure>\n<\/div>\n\n<div class=\"gb-container gb-container-909f7ca4 fil-info-title\">\n<div class=\"gb-headline gb-headline-44c1aa46 gb-headline-text category-link fil-info-category\"><span class=\"post-term-item term-banque\"><a href=\"https:\/\/econostrum.info\/suisse\/banque\/\">Banque<\/a><\/span><span class=\"post-term-item term-emploi\"><a href=\"https:\/\/econostrum.info\/suisse\/emploi\/\">Emploi<\/a><\/span><\/div>\n\n<h3 class=\"gb-headline gb-headline-a9b5e4b9 gb-headline-text loop-title loop-title-media\"><a href=\"https:\/\/econostrum.info\/suisse\/postes-menaces-resultats-record-raiffeisen\/\">Jusqu\u2019\u00e0 180 postes menac\u00e9s malgr\u00e9 des r\u00e9sultats record chez Raiffeisen\u00a0<\/a><\/h3>\n<\/div>\n<\/div>\n<\/div><\/div>\n\n<div class=\"gb-grid-column gb-grid-column-d84a6151 gb-query-loop-item post-113877 post type-post status-publish format-standard has-post-thumbnail hentry category-emploi\"><div class=\"gb-container gb-container-d84a6151\">\n<div class=\"gb-container gb-container-cd652c7c thumb-media\">\n<div class=\"gb-container gb-container-f1356e14\">\n<figure class=\"gb-block-image gb-block-image-1f5426d9\"><img decoding=\"async\" width=\"380\" height=\"230\" src=\"https:\/\/econostrum.info\/suisse\/wp-content\/uploads\/sites\/8\/2026\/08\/noir-380x230.jpg\" class=\"gb-image-1f5426d9  loop-image loop-media-image\" alt=\"noir\" srcset=\"https:\/\/econostrum.info\/suisse\/wp-content\/uploads\/sites\/8\/2026\/08\/noir-380x230.jpg 380w, https:\/\/econostrum.info\/suisse\/wp-content\/uploads\/sites\/8\/2026\/08\/noir-1200x727.jpg 1200w, https:\/\/econostrum.info\/suisse\/wp-content\/uploads\/sites\/8\/2026\/08\/noir-520x315.jpg 520w, https:\/\/econostrum.info\/suisse\/wp-content\/uploads\/sites\/8\/2026\/08\/noir-1536x931.jpg 1536w, https:\/\/econostrum.info\/suisse\/wp-content\/uploads\/sites\/8\/2026\/08\/noir.jpg 1980w\" sizes=\"(max-width: 380px) 100vw, 380px\" title=\"\"><\/figure>\n<\/div>\n\n<div class=\"gb-container gb-container-909f7ca4 fil-info-title\">\n<div class=\"gb-headline gb-headline-44c1aa46 gb-headline-text category-link fil-info-category\"><span class=\"post-term-item term-emploi\"><a href=\"https:\/\/econostrum.info\/suisse\/emploi\/\">Emploi<\/a><\/span><\/div>\n\n<h3 class=\"gb-headline gb-headline-a9b5e4b9 gb-headline-text loop-title loop-title-media\"><a href=\"https:\/\/econostrum.info\/suisse\/factures-le-canton-de-vaud-travail-noir\/\">Plus de 284&rsquo;000 francs factur\u00e9s : le canton de Vaud sort l\u2019artillerie lourde contre le travail au noir\u00a0<\/a><\/h3>\n<\/div>\n<\/div>\n<\/div><\/div>\n\n<div class=\"gb-grid-column gb-grid-column-d84a6151 gb-query-loop-item post-113710 post type-post status-publish format-standard has-post-thumbnail hentry category-emploi\"><div class=\"gb-container gb-container-d84a6151\">\n<div class=\"gb-container gb-container-cd652c7c thumb-media\">\n<div class=\"gb-container gb-container-f1356e14\">\n<figure class=\"gb-block-image gb-block-image-1f5426d9\"><img decoding=\"async\" width=\"380\" height=\"230\" src=\"https:\/\/econostrum.info\/suisse\/wp-content\/uploads\/sites\/8\/2026\/08\/chomage-6-380x230.jpg\" class=\"gb-image-1f5426d9  loop-image loop-media-image\" alt=\"chomage\" srcset=\"https:\/\/econostrum.info\/suisse\/wp-content\/uploads\/sites\/8\/2026\/08\/chomage-6-380x230.jpg 380w, https:\/\/econostrum.info\/suisse\/wp-content\/uploads\/sites\/8\/2026\/08\/chomage-6-1200x727.jpg 1200w, https:\/\/econostrum.info\/suisse\/wp-content\/uploads\/sites\/8\/2026\/08\/chomage-6-520x315.jpg 520w, https:\/\/econostrum.info\/suisse\/wp-content\/uploads\/sites\/8\/2026\/08\/chomage-6-1536x931.jpg 1536w, https:\/\/econostrum.info\/suisse\/wp-content\/uploads\/sites\/8\/2026\/08\/chomage-6.jpg 1980w\" sizes=\"(max-width: 380px) 100vw, 380px\" title=\"\"><\/figure>\n<\/div>\n\n<div class=\"gb-container gb-container-909f7ca4 fil-info-title\">\n<div class=\"gb-headline gb-headline-44c1aa46 gb-headline-text category-link fil-info-category\"><span class=\"post-term-item term-emploi\"><a href=\"https:\/\/econostrum.info\/suisse\/emploi\/\">Emploi<\/a><\/span><\/div>\n\n<h3 class=\"gb-headline gb-headline-a9b5e4b9 gb-headline-text loop-title loop-title-media\"><a href=\"https:\/\/econostrum.info\/suisse\/emploi-suisse-le-chomage-repasse-juillet\/\">Nouveau coup de frein pour l\u2019emploi suisse, le ch\u00f4mage repasse \u00e0 3 % en juillet<\/a><\/h3>\n<\/div>\n<\/div>\n<\/div><\/div>\n<\/div>\n\n\n<div class=\"gb-container gb-container-c0253de4\">\n\n<a class=\"gb-button gb-button-a458b1e1\" href=\"https:\/\/econostrum.info\/suisse\/emploi\/\"><span class=\"gb-button-text\">Tout voir<\/span><span class=\"gb-icon\"><svg aria-hidden=\"true\" role=\"img\" height=\"1em\" width=\"1em\" viewBox=\"0 0 256 512\" xmlns=\"http:\/\/www.w3.org\/2000\/svg\"><path fill=\"currentColor\" d=\"M224.3 273l-136 136c-9.4 9.4-24.6 9.4-33.9 0l-22.6-22.6c-9.4-9.4-9.4-24.6 0-33.9l96.4-96.4-96.4-96.4c-9.4-9.4-9.4-24.6 0-33.9L54.3 103c9.4-9.4 24.6-9.4 33.9 0l136 136c9.5 9.4 9.5 24.6.1 34z\"><\/path><\/svg><\/span><\/a>\n\n<\/div>\n<\/div>\n<\/div>\n<\/div>\n<\/div>\n\n<div class=\"gb-container gb-container-20177003\">\n\n<h2 class=\"gb-headline gb-headline-5a4baef4 gb-headline-text\">Energie<\/h2>\n\n\n<div class=\"gb-container gb-container-91d453b7\">\n\n<div class=\"gb-grid-wrapper gb-grid-wrapper-648ebe49 gb-query-loop-wrapper\">\n<div class=\"gb-grid-column gb-grid-column-04688aae gb-query-loop-item post-114013 post type-post status-publish format-standard has-post-thumbnail hentry category-energie\"><div class=\"gb-container gb-container-04688aae\">\n<div class=\"gb-container gb-container-be5c947a\">\n<figure class=\"gb-block-image gb-block-image-24faefa0\"><img decoding=\"async\" width=\"380\" height=\"230\" src=\"https:\/\/econostrum.info\/suisse\/wp-content\/uploads\/sites\/8\/2026\/06\/electricite-1-380x230.jpg\" class=\"gb-image-24faefa0  loop-image\" alt=\"electricite\" srcset=\"https:\/\/econostrum.info\/suisse\/wp-content\/uploads\/sites\/8\/2026\/06\/electricite-1-380x230.jpg 380w, https:\/\/econostrum.info\/suisse\/wp-content\/uploads\/sites\/8\/2026\/06\/electricite-1-1200x727.jpg 1200w, https:\/\/econostrum.info\/suisse\/wp-content\/uploads\/sites\/8\/2026\/06\/electricite-1-520x315.jpg 520w, https:\/\/econostrum.info\/suisse\/wp-content\/uploads\/sites\/8\/2026\/06\/electricite-1-1536x931.jpg 1536w, https:\/\/econostrum.info\/suisse\/wp-content\/uploads\/sites\/8\/2026\/06\/electricite-1.jpg 1980w\" sizes=\"(max-width: 380px) 100vw, 380px\" title=\"\"><\/figure>\n\n<div class=\"gb-headline gb-headline-1c8dc705 gb-headline-text category-link\"><span class=\"post-term-item term-energie\"><a href=\"https:\/\/econostrum.info\/suisse\/energie\/\">Energie<\/a><\/span><\/div>\n\n<h2 class=\"gb-headline gb-headline-08fcb95f gb-headline-text loop-title\"><a href=\"https:\/\/econostrum.info\/suisse\/factures-delectricite-geneve-offre\/\">Factures d\u2019\u00e9lectricit\u00e9 : Gen\u00e8ve offre un coup de pouce aux m\u00e9nages en 2027\u00a0<\/a><\/h2>\n<\/div>\n<\/div><\/div>\n\n<div class=\"gb-grid-column gb-grid-column-04688aae gb-query-loop-item post-113898 post type-post status-publish format-standard has-post-thumbnail hentry category-energie\"><div class=\"gb-container gb-container-04688aae\">\n<div class=\"gb-container gb-container-be5c947a\">\n<figure class=\"gb-block-image gb-block-image-24faefa0\"><img decoding=\"async\" width=\"380\" height=\"230\" src=\"https:\/\/econostrum.info\/suisse\/wp-content\/uploads\/sites\/8\/2026\/08\/mazout-380x230.jpg\" class=\"gb-image-24faefa0  loop-image\" alt=\"mazout\" srcset=\"https:\/\/econostrum.info\/suisse\/wp-content\/uploads\/sites\/8\/2026\/08\/mazout-380x230.jpg 380w, https:\/\/econostrum.info\/suisse\/wp-content\/uploads\/sites\/8\/2026\/08\/mazout-1200x727.jpg 1200w, https:\/\/econostrum.info\/suisse\/wp-content\/uploads\/sites\/8\/2026\/08\/mazout-520x315.jpg 520w, https:\/\/econostrum.info\/suisse\/wp-content\/uploads\/sites\/8\/2026\/08\/mazout-1536x931.jpg 1536w, https:\/\/econostrum.info\/suisse\/wp-content\/uploads\/sites\/8\/2026\/08\/mazout.jpg 1980w\" sizes=\"(max-width: 380px) 100vw, 380px\" title=\"\"><\/figure>\n\n<div class=\"gb-headline gb-headline-1c8dc705 gb-headline-text category-link\"><span class=\"post-term-item term-energie\"><a href=\"https:\/\/econostrum.info\/suisse\/energie\/\">Energie<\/a><\/span><\/div>\n\n<h2 class=\"gb-headline gb-headline-08fcb95f gb-headline-text loop-title\"><a href=\"https:\/\/econostrum.info\/suisse\/mazout-facture-de-chauffage-suisse-hiver\/\">Mazout \u00e0 +31 % : La facture de chauffage menace de s\u2019envoler en Suisse cet hiver<\/a><\/h2>\n<\/div>\n<\/div><\/div>\n\n<div class=\"gb-grid-column gb-grid-column-04688aae gb-query-loop-item post-113894 post type-post status-publish format-standard has-post-thumbnail hentry category-energie\"><div class=\"gb-container gb-container-04688aae\">\n<div class=\"gb-container gb-container-be5c947a\">\n<figure class=\"gb-block-image gb-block-image-24faefa0\"><img decoding=\"async\" width=\"380\" height=\"230\" src=\"https:\/\/econostrum.info\/suisse\/wp-content\/uploads\/sites\/8\/2026\/08\/suisse-2026-08-20T164140.731-380x230.jpg\" class=\"gb-image-24faefa0  loop-image\" alt=\"suisse\" srcset=\"https:\/\/econostrum.info\/suisse\/wp-content\/uploads\/sites\/8\/2026\/08\/suisse-2026-08-20T164140.731-380x230.jpg 380w, https:\/\/econostrum.info\/suisse\/wp-content\/uploads\/sites\/8\/2026\/08\/suisse-2026-08-20T164140.731-1200x727.jpg 1200w, https:\/\/econostrum.info\/suisse\/wp-content\/uploads\/sites\/8\/2026\/08\/suisse-2026-08-20T164140.731-520x315.jpg 520w, https:\/\/econostrum.info\/suisse\/wp-content\/uploads\/sites\/8\/2026\/08\/suisse-2026-08-20T164140.731-1536x931.jpg 1536w, https:\/\/econostrum.info\/suisse\/wp-content\/uploads\/sites\/8\/2026\/08\/suisse-2026-08-20T164140.731.jpg 1980w\" sizes=\"(max-width: 380px) 100vw, 380px\" title=\"\"><\/figure>\n\n<div class=\"gb-headline gb-headline-1c8dc705 gb-headline-text category-link\"><span class=\"post-term-item term-energie\"><a href=\"https:\/\/econostrum.info\/suisse\/energie\/\">Energie<\/a><\/span><\/div>\n\n<h2 class=\"gb-headline gb-headline-08fcb95f gb-headline-text loop-title\"><a href=\"https:\/\/econostrum.info\/suisse\/plein-essence-francs-suisse\/\">Le plein fait de nouveau tr\u00e8s mal : l\u2019essence d\u00e9passe les 2 francs en Suisse\u00a0<\/a><\/h2>\n<\/div>\n<\/div><\/div>\n\n<div class=\"gb-grid-column gb-grid-column-04688aae gb-query-loop-item post-113840 post type-post status-publish format-standard has-post-thumbnail hentry category-energie\"><div class=\"gb-container gb-container-04688aae\">\n<div class=\"gb-container gb-container-be5c947a\">\n<figure class=\"gb-block-image gb-block-image-24faefa0\"><img decoding=\"async\" width=\"380\" height=\"230\" src=\"https:\/\/econostrum.info\/suisse\/wp-content\/uploads\/sites\/8\/2026\/08\/franc-5-380x230.jpg\" class=\"gb-image-24faefa0  loop-image\" alt=\"franc\" srcset=\"https:\/\/econostrum.info\/suisse\/wp-content\/uploads\/sites\/8\/2026\/08\/franc-5-380x230.jpg 380w, https:\/\/econostrum.info\/suisse\/wp-content\/uploads\/sites\/8\/2026\/08\/franc-5-1200x727.jpg 1200w, https:\/\/econostrum.info\/suisse\/wp-content\/uploads\/sites\/8\/2026\/08\/franc-5-520x315.jpg 520w, https:\/\/econostrum.info\/suisse\/wp-content\/uploads\/sites\/8\/2026\/08\/franc-5-1536x931.jpg 1536w, https:\/\/econostrum.info\/suisse\/wp-content\/uploads\/sites\/8\/2026\/08\/franc-5.jpg 1980w\" sizes=\"(max-width: 380px) 100vw, 380px\" title=\"\"><\/figure>\n\n<div class=\"gb-headline gb-headline-1c8dc705 gb-headline-text category-link\"><span class=\"post-term-item term-energie\"><a href=\"https:\/\/econostrum.info\/suisse\/energie\/\">Energie<\/a><\/span><\/div>\n\n<h2 class=\"gb-headline gb-headline-08fcb95f gb-headline-text loop-title\"><a href=\"https:\/\/econostrum.info\/suisse\/pompe-lessence-pourrait-franchir-francs\/\">Mauvaise nouvelle \u00e0 la pompe : l\u2019essence pourrait franchir les 2 francs tr\u00e8s vite\u00a0<\/a><\/h2>\n<\/div>\n<\/div><\/div>\n<\/div>\n\n<\/div>\n\n<div class=\"gb-container gb-container-66834527\">\n\n<a class=\"gb-button gb-button-71b6010f\" href=\"https:\/\/econostrum.info\/suisse\/aides-sociales\/\"><span class=\"gb-button-text\">Tout voir<\/span><span class=\"gb-icon\"><svg aria-hidden=\"true\" role=\"img\" height=\"1em\" width=\"1em\" viewBox=\"0 0 256 512\" xmlns=\"http:\/\/www.w3.org\/2000\/svg\"><path fill=\"currentColor\" d=\"M224.3 273l-136 136c-9.4 9.4-24.6 9.4-33.9 0l-22.6-22.6c-9.4-9.4-9.4-24.6 0-33.9l96.4-96.4-96.4-96.4c-9.4-9.4-9.4-24.6 0-33.9L54.3 103c9.4-9.4 24.6-9.4 33.9 0l136 136c9.5 9.4 9.5 24.6.1 34z\"><\/path><\/svg><\/span><\/a>\n\n<\/div>\n<\/div>\n\n<div class=\"gb-container gb-container-dd321305\">\n\n<h2 class=\"gb-headline gb-headline-d6e59748 gb-headline-text\">Immobilier \/ Investissement<\/h2>\n\n\n<div class=\"gb-container gb-container-82571009\">\n<div class=\"gb-container gb-container-5b3aca48\">\n\n<div class=\"gb-grid-wrapper gb-grid-wrapper-0afc41f7 gb-query-loop-wrapper\">\n<div class=\"gb-grid-column gb-grid-column-4d3a6caa gb-query-loop-item post-113962 post type-post status-publish format-standard has-post-thumbnail hentry category-investissement\"><div class=\"gb-container gb-container-4d3a6caa\">\n<div class=\"gb-container gb-container-be5c947a\">\n<figure class=\"gb-block-image gb-block-image-24faefa0\"><img decoding=\"async\" width=\"380\" height=\"230\" src=\"https:\/\/econostrum.info\/suisse\/wp-content\/uploads\/sites\/8\/2026\/08\/finance-380x230.jpg\" class=\"gb-image-24faefa0  loop-image\" alt=\"finance\" srcset=\"https:\/\/econostrum.info\/suisse\/wp-content\/uploads\/sites\/8\/2026\/08\/finance-380x230.jpg 380w, https:\/\/econostrum.info\/suisse\/wp-content\/uploads\/sites\/8\/2026\/08\/finance-1200x727.jpg 1200w, https:\/\/econostrum.info\/suisse\/wp-content\/uploads\/sites\/8\/2026\/08\/finance-520x315.jpg 520w, https:\/\/econostrum.info\/suisse\/wp-content\/uploads\/sites\/8\/2026\/08\/finance-1536x931.jpg 1536w, https:\/\/econostrum.info\/suisse\/wp-content\/uploads\/sites\/8\/2026\/08\/finance.jpg 1980w\" sizes=\"(max-width: 380px) 100vw, 380px\" title=\"\"><\/figure>\n\n<div class=\"gb-container gb-container-8976dced\">\n<div class=\"gb-headline gb-headline-2095780a gb-headline-text category-link\"><span class=\"post-term-item term-investissement\"><a href=\"https:\/\/econostrum.info\/suisse\/investissement\/\">Investissement<\/a><\/span><\/div>\n\n<h2 class=\"gb-headline gb-headline-8303c19a gb-headline-text loop-title loop-title-standard\"><a href=\"https:\/\/econostrum.info\/suisse\/finance-commence-a-trembler-et-la-suisse\/\">Le nouveau g\u00e9ant de la finance commence \u00e0 trembler et la Suisse est concern\u00e9e\u00a0<\/a><\/h2>\n<\/div>\n\n<div class=\"gb-container gb-container-f47440c0\">\n<div style=\"font-size:13px;font-style:normal;font-weight:500;text-transform:none;\" class=\"has-link-color wp-elements-bd457617c860fa4627fa3d81d99d51dd wp-block-post-author-name has-text-color has-secondary-color-color\">Nora T.<\/div>\n\n<p class=\"gb-headline gb-headline-94216922\"><span class=\"gb-icon\"><svg aria-hidden=\"true\" role=\"img\" height=\"1em\" width=\"1em\" viewbox=\"0 0 512 512\" xmlns=\"https:\/\/www.w3.org\/2000\/svg\"><path fill=\"currentColor\" d=\"M256 8C119 8 8 119 8 256s111 248 248 248 248-111 248-248S393 8 256 8zm0 448c-110.5 0-200-89.5-200-200S145.5 56 256 56s200 89.5 200 200-89.5 200-200 200zm61.8-104.4l-84.9-61.7c-3.1-2.3-4.9-5.9-4.9-9.7V116c0-6.6 5.4-12 12-12h32c6.6 0 12 5.4 12 12v141.7l66.8 48.6c5.4 3.9 6.5 11.4 2.6 16.8L334.6 349c-3.9 5.3-11.4 6.5-16.8 2.6z\"><\/path><\/svg><\/span><span class=\"gb-headline-text\"><time class=\"entry-date published\" datetime=\"2026-08-25T13:53:00+02:00\">25 ao\u00fbt 2026<\/time><\/span><\/p>\n<\/div>\n<\/div>\n<\/div><\/div>\n<\/div>\n\n<\/div>\n\n<div class=\"gb-container gb-container-ea82c97b\">\n\n<div class=\"gb-grid-wrapper gb-grid-wrapper-af381078 gb-query-loop-wrapper\">\n<div class=\"gb-grid-column gb-grid-column-644c805b gb-query-loop-item post-113962 post type-post status-publish format-standard has-post-thumbnail hentry category-investissement\"><div class=\"gb-container gb-container-644c805b\">\n<article class=\"gb-container gb-container-4a352b3b\">\n<div class=\"gb-container gb-container-28d10c4c loop-title-icon\"><\/div>\n\n<h3 class=\"gb-headline gb-headline-eb6f2640 secondary-font gb-headline-text loop-title loop-title-only\"><a href=\"https:\/\/econostrum.info\/suisse\/finance-commence-a-trembler-et-la-suisse\/\">Le nouveau g\u00e9ant de la finance commence \u00e0 trembler et la Suisse est concern\u00e9e\u00a0<\/a><\/h3>\n<\/article>\n<\/div><\/div>\n\n<div class=\"gb-grid-column gb-grid-column-644c805b gb-query-loop-item post-113924 post type-post status-publish format-standard has-post-thumbnail hentry category-immobilier\"><div class=\"gb-container gb-container-644c805b\">\n<article class=\"gb-container gb-container-4a352b3b\">\n<div class=\"gb-container gb-container-28d10c4c loop-title-icon\"><\/div>\n\n<h3 class=\"gb-headline gb-headline-eb6f2640 secondary-font gb-headline-text loop-title loop-title-only\"><a href=\"https:\/\/econostrum.info\/suisse\/loyers-suisse-les-proprietaires\/\">Loyers en Suisse : les propri\u00e9taires commencent \u00e0 l\u00e2cher du lest et adoptent une nouvelle strat\u00e9gie<\/a><\/h3>\n<\/article>\n<\/div><\/div>\n\n<div class=\"gb-grid-column gb-grid-column-644c805b gb-query-loop-item post-113832 post type-post status-publish format-standard has-post-thumbnail hentry category-immobilier\"><div class=\"gb-container gb-container-644c805b\">\n<article class=\"gb-container gb-container-4a352b3b\">\n<div class=\"gb-container gb-container-28d10c4c loop-title-icon\"><\/div>\n\n<h3 class=\"gb-headline gb-headline-eb6f2640 secondary-font gb-headline-text loop-title loop-title-only\"><a href=\"https:\/\/econostrum.info\/suisse\/franc-zermatt-privilege-suisse-vient\/\">300 francs la semaine \u00e0 Zermatt ? Ce privil\u00e8ge suisse vient de dispara\u00eetre\u00a0<\/a><\/h3>\n<\/article>\n<\/div><\/div>\n\n<div class=\"gb-grid-column gb-grid-column-644c805b gb-query-loop-item post-113810 post type-post status-publish format-standard has-post-thumbnail hentry category-immobilier\"><div class=\"gb-container gb-container-644c805b\">\n<article class=\"gb-container gb-container-4a352b3b\">\n<div class=\"gb-container gb-container-28d10c4c loop-title-icon\"><\/div>\n\n<h3 class=\"gb-headline gb-headline-eb6f2640 secondary-font gb-headline-text loop-title loop-title-only\"><a href=\"https:\/\/econostrum.info\/suisse\/loyers-suisse-une-baisse-cantons-ete\/\">Loyers en Suisse : une baisse surprise dans 15 cantons en plein \u00e9t\u00e9<\/a><\/h3>\n<\/article>\n<\/div><\/div>\n\n<div class=\"gb-grid-column gb-grid-column-644c805b gb-query-loop-item post-113746 post type-post status-publish format-standard has-post-thumbnail hentry category-immobilier\"><div class=\"gb-container gb-container-644c805b\">\n<article class=\"gb-container gb-container-4a352b3b\">\n<div class=\"gb-container gb-container-28d10c4c loop-title-icon\"><\/div>\n\n<h3 class=\"gb-headline gb-headline-eb6f2640 secondary-font gb-headline-text loop-title loop-title-only\"><a href=\"https:\/\/econostrum.info\/suisse\/immobilier-suisse-les-prix-acheteur\/\">Immobilier en Suisse : les prix battent encore des records, mais une bonne nouvelle attend les acheteurs<\/a><\/h3>\n<\/article>\n<\/div><\/div>\n\n<div class=\"gb-grid-column gb-grid-column-644c805b gb-query-loop-item post-113727 post type-post status-publish format-standard has-post-thumbnail hentry category-immobilier\"><div class=\"gb-container gb-container-644c805b\">\n<article class=\"gb-container gb-container-4a352b3b\">\n<div class=\"gb-container gb-container-28d10c4c loop-title-icon\"><\/div>\n\n<h3 class=\"gb-headline gb-headline-eb6f2640 secondary-font gb-headline-text loop-title loop-title-only\"><a href=\"https:\/\/econostrum.info\/suisse\/immobilier-alpin-suisse-stations\/\">Immobilier alpin en Suisse, ces stations o\u00f9 un appartement co\u00fbte encore moins d\u2019un million de francs<\/a><\/h3>\n<\/article>\n<\/div><\/div>\n\n<div class=\"gb-grid-column gb-grid-column-644c805b gb-query-loop-item post-113641 post type-post status-publish format-standard has-post-thumbnail hentry category-immobilier\"><div class=\"gb-container gb-container-644c805b\">\n<article class=\"gb-container gb-container-4a352b3b\">\n<div class=\"gb-container gb-container-28d10c4c loop-title-icon\"><\/div>\n\n<h3 class=\"gb-headline gb-headline-eb6f2640 secondary-font gb-headline-text loop-title loop-title-only\"><a href=\"https:\/\/econostrum.info\/suisse\/evian-un-hotel-solution-suisses-logement\/\">\u00c0 \u00c9vian, un h\u00f4tel propose une solution inattendue aux Suisses qui ne trouvent plus de logement<\/a><\/h3>\n<\/article>\n<\/div><\/div>\n\n<div class=\"gb-grid-column gb-grid-column-644c805b gb-query-loop-item post-113587 post type-post status-publish format-standard has-post-thumbnail hentry category-immobilier\"><div class=\"gb-container gb-container-644c805b\">\n<article class=\"gb-container gb-container-4a352b3b\">\n<div class=\"gb-container gb-container-28d10c4c loop-title-icon\"><\/div>\n\n<h3 class=\"gb-headline gb-headline-eb6f2640 secondary-font gb-headline-text loop-title loop-title-only\"><a href=\"https:\/\/econostrum.info\/suisse\/crise-du-logement-romands-frontiere\/\">La crise du logement pousse des milliers de Romands \u00e0 regarder de l\u2019autre c\u00f4t\u00e9 de la fronti\u00e8re\u00a0<\/a><\/h3>\n<\/article>\n<\/div><\/div>\n<\/div>\n\n<\/div>\n<\/div>\n\n<div class=\"gb-container gb-container-c3cd2efc\">\n\n<a class=\"gb-button gb-button-8692936e\" href=\"https:\/\/econostrum.info\/suisse\/immobilier\/\"><span class=\"gb-button-text\">Tout voir<\/span><span class=\"gb-icon\"><svg aria-hidden=\"true\" role=\"img\" height=\"1em\" width=\"1em\" viewBox=\"0 0 256 512\" xmlns=\"http:\/\/www.w3.org\/2000\/svg\"><path fill=\"currentColor\" d=\"M224.3 273l-136 136c-9.4 9.4-24.6 9.4-33.9 0l-22.6-22.6c-9.4-9.4-9.4-24.6 0-33.9l96.4-96.4-96.4-96.4c-9.4-9.4-9.4-24.6 0-33.9L54.3 103c9.4-9.4 24.6-9.4 33.9 0l136 136c9.5 9.4 9.5 24.6.1 34z\"><\/path><\/svg><\/span><\/a>\n\n<\/div>\n<\/div>\n<\/div>","protected":false},"excerpt":{"rendered":"<p>Fil info Rejoignez nos r\u00e9seaux sociaux Pour plus de contenu exclusif ! Economie Newsletter Les matinales d&rsquo;Econostrum Commencez votre journ\u00e9e avec les derni\u00e8res actualit\u00e9s \u00e9conomiques: march\u00e9s, entreprises, innovations et d\u00e9cisions &#8230; <a title=\"Econostrum.info &#8211; Edition Suisse\" class=\"read-more\" href=\"https:\/\/econostrum.info\/suisse\/\" aria-label=\"En savoir plus sur Econostrum.info &#8211; Edition Suisse\"> <\/a><\/p>\n","protected":false},"author":23,"featured_media":0,"parent":0,"menu_order":0,"comment_status":"closed","ping_status":"open","template":"","meta":{"footnotes":""},"class_list":{"0":"post-2","1":"page","2":"type-page","3":"status-publish","5":"no-featured-image-padding"},"_links":{"self":[{"href":"https:\/\/econostrum.info\/suisse\/wp-json\/wp\/v2\/pages\/2","targetHints":{"allow":["GET"]}}],"collection":[{"href":"https:\/\/econostrum.info\/suisse\/wp-json\/wp\/v2\/pages"}],"about":[{"href":"https:\/\/econostrum.info\/suisse\/wp-json\/wp\/v2\/types\/page"}],"author":[{"embeddable":true,"href":"https:\/\/econostrum.info\/suisse\/wp-json\/wp\/v2\/users\/23"}],"replies":[{"embeddable":true,"href":"https:\/\/econostrum.info\/suisse\/wp-json\/wp\/v2\/comments?post=2"}],"version-history":[{"count":0,"href":"https:\/\/econostrum.info\/suisse\/wp-json\/wp\/v2\/pages\/2\/revisions"}],"wp:attachment":[{"href":"https:\/\/econostrum.info\/suisse\/wp-json\/wp\/v2\/media?parent=2"}],"curies":[{"name":"wp","href":"https:\/\/api.w.org\/{rel}","templated":true}]}}